{"id":613,"date":"2012-09-14T11:03:28","date_gmt":"2012-09-14T09:03:28","guid":{"rendered":"https:\/\/landeco-preproduction.fr\/solaris-universalis.com\/?page_id=613"},"modified":"2026-01-08T11:49:03","modified_gmt":"2026-01-08T10:49:03","slug":"la-pratique-therapeutique","status":"publish","type":"page","link":"https:\/\/landeco-preproduction.fr\/solaris-universalis.com\/les-soins\/la-pratique-therapeutique\/","title":{"rendered":"La pratique th\u00e9rapeutique"},"content":{"rendered":"<p>[et_pb_section fb_built=\u00a0\u00bb1&Prime; _builder_version=\u00a0\u00bb4.27.5&Prime; background_color=\u00a0\u00bbRGBA(255,255,255,0)\u00a0\u00bb hover_enabled=\u00a0\u00bb0&Prime; global_colors_info=\u00a0\u00bb{}\u00a0\u00bb sticky_enabled=\u00a0\u00bb0&Prime;][et_pb_row _builder_version=\u00a0\u00bb4.16&Prime; background_size=\u00a0\u00bbinitial\u00a0\u00bb background_position=\u00a0\u00bbtop_left\u00a0\u00bb background_repeat=\u00a0\u00bbrepeat\u00a0\u00bb global_colors_info=\u00a0\u00bb{}\u00a0\u00bb][et_pb_column type=\u00a0\u00bb4_4&Prime; _builder_version=\u00a0\u00bb4.16&Prime; custom_padding=\u00a0\u00bb|||\u00a0\u00bb global_colors_info=\u00a0\u00bb{}\u00a0\u00bb custom_padding__hover=\u00a0\u00bb|||\u00a0\u00bb][et_pb_text _builder_version=\u00a0\u00bb4.16&Prime; background_size=\u00a0\u00bbinitial\u00a0\u00bb background_position=\u00a0\u00bbtop_left\u00a0\u00bb background_repeat=\u00a0\u00bbrepeat\u00a0\u00bb global_colors_info=\u00a0\u00bb{}\u00a0\u00bb]<\/p>\n<p style=\"text-align: center;\"><strong>Enseign\u00e9 par Daniel MEUROIS et Marie Johanne CROTEAU selon leur M\u00e9thode compl\u00e8te d&rsquo;apr\u00e8s<\/strong><\/p>\n<p style=\"text-align: center;\"><a href=\"https:\/\/editions-le-passe-monde.com\/produit\/le-grand-livre-des-therapies-esseniennes-et-egyptiennes\/\" target=\"_blank\" rel=\"noopener\">LE NOUVEAU GRAND LIVRE DES TH\u00c9RAPIES ESS\u00c9NIENNES ET \u00c9GYPTIENNES<\/a><\/p>\n<p style=\"text-align: center;\"><strong>je suis agr\u00e9\u00e9 de l&rsquo;Institut de la Tradition Th\u00e9rapeutique Ess\u00e9nienne et Egyptienne (ITTEE).<\/strong><\/p>\n<p><a href=\"https:\/\/esseniens.com\/nos-therapeutes\/france\/grand-est\/francis-hoffmann\/\" target=\"_blank\" rel=\"noopener\"><img loading=\"lazy\" decoding=\"async\" class=\"aligncenter wp-image-3476 size-medium\" src=\"https:\/\/landeco-preproduction.fr\/solaris-universalis.com\/wp-content\/uploads\/2012\/12\/\u00a9-logo-ITTEE-fond-blanc-300x149.png\" alt=\"\" width=\"300\" height=\"149\" srcset=\"https:\/\/landeco-preproduction.fr\/solaris-universalis.com\/wp-content\/uploads\/2012\/12\/\u00a9-logo-ITTEE-fond-blanc-300x149.png 300w, https:\/\/landeco-preproduction.fr\/solaris-universalis.com\/wp-content\/uploads\/2012\/12\/\u00a9-logo-ITTEE-fond-blanc-768x382.png 768w, https:\/\/landeco-preproduction.fr\/solaris-universalis.com\/wp-content\/uploads\/2012\/12\/\u00a9-logo-ITTEE-fond-blanc-1024x509.png 1024w, https:\/\/landeco-preproduction.fr\/solaris-universalis.com\/wp-content\/uploads\/2012\/12\/\u00a9-logo-ITTEE-fond-blanc-1080x537.png 1080w\" sizes=\"(max-width: 300px) 100vw, 300px\" \/><\/a><\/p>\n<table style=\"background-image: url('https:\/\/landeco-preproduction.fr\/solaris-universalis.com\/wp-content\/uploads\/2012\/09\/fond-page-11.png');\" border=\"0\">\n<tbody>\n<tr>\n<td>\n<p style=\"text-align: justify;\"><span style=\"font-size: x-large;\">Le d\u00e9roulement de la s\u00e9ance :<\/span><\/p>\n<p style=\"text-align: justify;\">La s\u00e9ance se d\u00e9roule sous une lumi\u00e8re tamis\u00e9e avec des bougies, une musique douce et de l\u2019encens.\u00a0Un entretien a lieu avec le patient, avant et apr\u00e8s le soin. Durant la s\u00e9ance, le patient est allong\u00e9.<\/p>\n<p style=\"text-align: justify;\">La s\u00e9ance d\u00e9bute par une connexion avec la sph\u00e8re sacr\u00e9e de Vie et par une harmonisation profonde avec le patient. Dans l&rsquo;art des soins ess\u00e9niens,\u00a0la relation en triangle qui s\u2019op\u00e8re entre le Fluide de Gu\u00e9rison, le patient et le th\u00e9rapeute est primordiale. L\u2019important \u00e9tant de contacter et d\u2019offrir l&rsquo;Essence de Vie.<img loading=\"lazy\" decoding=\"async\" class=\"wp-image-3562 alignright size-medium\" src=\"https:\/\/landeco-preproduction.fr\/solaris-universalis.com\/wp-content\/uploads\/2020\/03\/0002qP-300x232.jpeg\" alt=\"\" width=\"300\" height=\"232\" srcset=\"https:\/\/landeco-preproduction.fr\/solaris-universalis.com\/wp-content\/uploads\/2020\/03\/0002qP-300x232.jpeg 300w, https:\/\/landeco-preproduction.fr\/solaris-universalis.com\/wp-content\/uploads\/2020\/03\/0002qP-768x593.jpeg 768w, https:\/\/landeco-preproduction.fr\/solaris-universalis.com\/wp-content\/uploads\/2020\/03\/0002qP-1024x791.jpeg 1024w, https:\/\/landeco-preproduction.fr\/solaris-universalis.com\/wp-content\/uploads\/2020\/03\/0002qP-1080x835.jpeg 1080w\" sizes=\"(max-width: 300px) 100vw, 300px\" \/><\/p>\n<p style=\"text-align: justify;\">\u00a0C&rsquo;est la circulation d\u2019une \u00a8Force de Consolation de l\u2019\u00e2me et du corps\u00a8 qui est mise en mouvement par ce fameux triangle, r\u00e9v\u00e9lant la pr\u00e9sence d\u2019une architecture subtile de l\u2019\u00eatre humain et, par cons\u00e9quent, son rapport avec le Divin.<\/p>\n<p style=\"text-align: justify;\">L\u2019utilisation des huiles de soins et l\u2019imposition des mains sur les principaux centres et r\u00e9seaux\u00a0\u00e9nerg\u00e9tiques n\u00e9cessitant un contact direct avec le corps du patient, la grande majorit\u00e9 des soins sont in\u00e9vitablement faits en sous-v\u00eatements.<\/p>\n<p style=\"text-align: justify;\"><em>\u00abEn un mot&#8230;aimez! N&rsquo;aimez pas simplement la forme de l&rsquo;\u00eatre allong\u00e9 devant vous mais les forces qui repr\u00e9sentent le grand Soleil au fond de son coeur et enfin aussi ce \u00ab quelquechose \u00bb que vous ne saurez jamais baptiser et qui coule du bout de vos doigts, qui voit \u00e0 travers vos yeux&#8230;\u00bb\u00a0<\/em>Extrait de L&rsquo;ouvrage \u00ab Ce qu&rsquo;Ils m&rsquo;ont dit&#8230; \u00bb\u00a0 par Daniel Meurois<\/p>\n<p><span style=\"color: #00ccff;\"><a style=\"color: #00ccff;\" href=\"https:\/\/esseniens.com\/les-soins-esseniens\/code-de-deontologie\/\" target=\"_blank\" rel=\"noopener\"><strong><span style=\"font-size: large;\">CONSULTER LE CODE DE D\u00c9ONTOLOGIE <\/span><\/strong><\/a><\/span><\/p>\n<p style=\"text-align: justify;\"><strong>\u00a0<span style=\"font-size: large;\">. S\u00e9ance individuelle (1h30 \u00e0 2h00) : Tarif libre (sur rendez-vous)<\/span><\/strong><\/p>\n<p><span style=\"font-size: medium;\">\u00a0 . Siret n\u00b0 48326628400049<\/span><\/p>\n<p>&nbsp;<\/p>\n<p class=\"entry-title main_title\"><span style=\"font-size: x-large;\">Trouver un autre th\u00e9rapeute en France et en Europe:<\/span><\/p>\n<div class=\"entry-content\">\n<p>Vous trouverez les th\u00e9rapeutes form\u00e9s selon la Tradition compl\u00e8te transmise par Marie-Johanne et Daniel Meurois sur le site officiel et r\u00e9f\u00e9rent de l&rsquo;ITTEE, l&rsquo;Institut de la Tradition Th\u00e9rapeutique Ess\u00e9nienne et Egyptienne: <a href=\"https:\/\/esseniens.com\/nos-therapeutes\/\" target=\"_blank\" rel=\"noopener\">www.esseniens.com<\/a><a style=\"font-family: inherit; font-size: inherit;\" href=\"https:\/\/esseniens.com\" target=\"_blank\" rel=\"noopener noreferrer\">\u00a0<\/a><\/p>\n<\/div>\n<p style=\"text-align: center;\">\n<\/td>\n<\/tr>\n<\/tbody>\n<\/table>\n<p>[\/et_pb_text][et_pb_text _builder_version=\u00a0\u00bb4.27.5&Prime; global_colors_info=\u00a0\u00bb{}\u00a0\u00bb]<\/p>\n<table style=\"background-image: url('https:\/\/landeco-preproduction.fr\/solaris-universalis.com\/wp-content\/uploads\/2012\/09\/fond-page-3.png');\" border=\"0\">\n<tbody>\n<tr>\n<td>\n<p style=\"text-align: justify;\"><span style=\"font-size: x-large;\">La nature de ces Th\u00e9rapies :<\/span><\/p>\n<p style=\"text-align: justify;\">La Tradition th\u00e9rapeutique ess\u00e9nienne et \u00e9gyptienne concerne l\u2019\u00eatre dans sa triple constitution, corps-\u00e2me-esprit, et dans sa biologie subtile et sacr\u00e9e.<\/p>\n<p style=\"text-align: justify;\">L\u2019ensemble des connaissances que ces soins requi\u00e8rent am\u00e8ne le th\u00e9rapeute \u00e0 travailler avec l&rsquo;\u00e9nergie universelle quiporte le nom de pr\u00e2na, \u00e0 \u0153uvrer avec les<\/p>\n<p style=\"text-align: justify;\">\n<p style=\"text-align: justify;\">chakras et les nadis ainsi qu\u2019\u00e0 pratiquer une chirurgie des corps subtils.<\/p>\n<p style=\"text-align: justify;\"><span style=\"font-family: inherit; font-size: inherit;\">Par l\u2019interm\u00e9diaire de cette approche, la pratique de sensibilit\u00e9 ess\u00e9nienne et \u00e9gyptienne se pr\u00e9occupe de :<\/span><\/p>\n<ul>\n<li style=\"text-align: justify;\">Favoriser le d\u00e9pistage et l\u2019\u00e9limination des formes pens\u00e9es destructurantes qui sont souvent \u00e0 l\u2019origine de nombreuses maladies.<\/li>\n<li>R\u00e9tablir une circulation \u00e9nerg\u00e9tique fluide \u00e0 travers l\u2019organisme par un travail respectueux et conscient sur ses chakras, ses nadis et ses multiples niveaux de r\u00e9alit\u00e9s subtiles.<\/li>\n<li>\u00a0Initialiser ou faciliter les prises de conscience permettant \u00e0 l\u2019\u00eatre de franchir d\u2019importantes \u00e9tapes dans sa croissance int\u00e9rieure.<\/li>\n<li>Identifier et d\u00e9sincruster les m\u00e9moires blessantes \u00e9ventuellement bloqu\u00e9es dans les cellules du corps.<\/li>\n<li>Travailler en pr\u00e9vention d\u2019\u00e9ventuels d\u00e9sordres physiques et psychologiques par la d\u00e9tection de zone de blocages ou d\u2019intoxications \u00e9nerg\u00e9tiques d\u00e9stabilisant le corps ou certains de ses organes.<\/li>\n<\/ul>\n<p style=\"text-align: justify;\"><span style=\"text-decoration: underline;\"><strong>Ma pratique th\u00e9rapeutique n&rsquo;est pas l\u00e0 pour se substituer \u00e0 la m\u00e9decine. Je ne suis pas m\u00e9decin et je ne pose aucun diagnostique m\u00e9dical. Je m\u2019attache plut\u00f4t \u00e0 ce qu\u2019il y ait id\u00e9alement et en parall\u00e8le \u00e0 ce que j&rsquo;offre, un suivi m\u00e9dical en cas de pathologie manifestement s\u00e9v\u00e8re ou pr\u00e9occupante.<\/strong><\/span><\/p>\n<\/td>\n<\/tr>\n<\/tbody>\n<\/table>\n<p>&nbsp;<\/p>\n<p>[\/et_pb_text][et_pb_text _builder_version=\u00a0\u00bb4.16&Prime; background_size=\u00a0\u00bbinitial\u00a0\u00bb background_position=\u00a0\u00bbtop_left\u00a0\u00bb background_repeat=\u00a0\u00bbrepeat\u00a0\u00bb global_colors_info=\u00a0\u00bb{}\u00a0\u00bb]<\/p>\n<p><span style=\"font-size: x-large;\">Les diff\u00e9rents types de soins :<\/span><\/p>\n<p>&nbsp;<\/p>\n<table style=\"background-image: url('https:\/\/landeco-preproduction.fr\/solaris-universalis.com\/wp-content\/uploads\/2012\/09\/fond-page-11.png');\" border=\"0\">\n<tbody>\n<tr>\n<td>\n<p style=\"text-align: justify;\"><span style=\"font-size: x-large;\">Les soins \u00e9nerg\u00e9tiques de base :<\/span><\/p>\n<ul style=\"list-style-type: disc;\">\n<li style=\"text-align: justify;\">Harmonisation \u00e9nerg\u00e9tique<\/li>\n<li style=\"text-align: justify;\">Stress, fatigue&#8230;<\/li>\n<li style=\"text-align: justify;\">Lib\u00e9ration des m\u00e9moires cellulaires<\/li>\n<\/ul>\n<p style=\"text-align: justify;\"><span style=\"font-size: x-large;\">Les soins compl\u00e9mentaires avec leurs objectifs :<\/span><\/p>\n<ul>\n<li><strong>Soin grande fatigue:<\/strong>\u00a0<i>pour tonifier \u00e9nerg\u00e9tiquement l&rsquo;\u00eatre \u00e0 soigner.<\/i><\/li>\n<li><b style=\"font-family: inherit; font-size: inherit;\">Soin fuites \u00e9nerg\u00e9tiques: <\/b><i style=\"font-family: inherit; font-size: inherit;\">pour r\u00e9tablir l\u2019\u00e9quilibre \u00e9nerg\u00e9tique de l\u2019\u00eatre.<\/i><\/li>\n<li><strong style=\"font-family: inherit; font-size: inherit;\">Le chakra laryng\u00e9:<\/strong><span style=\"font-family: inherit; font-size: inherit;\">\u00a0<\/span><i style=\"font-family: inherit; font-size: inherit;\">vise \u00e0 soigner et \u00e0 \u00e9liminer les blocages \u00e0 la gorge\u2026<\/i><\/li>\n<li><b style=\"font-family: inherit; font-size: inherit;\">Soin m\u00e9moires cellulaires:<\/b> <i style=\"font-family: inherit; font-size: inherit;\">pour effacer de la m\u00e9moire cellulaire les troubles que le corps continue \u00e0 manifester comme un automatisme\u2026<\/i><\/li>\n<li><b style=\"font-family: inherit; font-size: inherit;\">La d\u00e9pression et les \u00e9tats d\u00e9pressifs:<\/b><span style=\"font-family: inherit; font-size: inherit;\">\u00a0<\/span><i style=\"font-family: inherit; font-size: inherit;\">pour<\/i><span style=\"font-family: inherit; font-size: inherit;\">\u00a0<\/span><em style=\"font-family: inherit; font-size: inherit;\">faire en sorte que les v\u00e9hicules physique, \u00e9th\u00e9rique et \u00e9motionnel soient d\u00e9barrass\u00e9s d\u2019un maximum de scories et puisse servir de support \u00e0 un travail int\u00e9rieur et psycho-th\u00e9rapeutique.<\/em><\/li>\n<li><b style=\"font-family: inherit; font-size: inherit;\">Les formes-pens\u00e9es:<\/b><span style=\"font-family: inherit; font-size: inherit;\"> pour\u00a0<\/span><em style=\"font-family: inherit; font-size: inherit;\">\u00e9liminer les blocages produits dans l\u2019aura mentale par les formes-pens\u00e9es\u2026<\/em><\/li>\n<li><b style=\"font-family: inherit; font-size: inherit;\">Les \u00e9tats de choc:<\/b><span style=\"font-family: inherit; font-size: inherit;\">\u00a0<\/span><em style=\"font-family: inherit; font-size: inherit;\">pour le traitement des \u00e9tats \u00e9motionnels intenses cons\u00e9cutifs \u00e0 un choc\u2026<\/em><\/li>\n<li><b style=\"font-family: inherit; font-size: inherit;\">L&rsquo;\u00e9motivit\u00e9 profonde: <\/b><span style=\"font-family: inherit; font-size: inherit;\">pour\u00a0<\/span><em style=\"font-family: inherit; font-size: inherit;\">d\u00e9gager le corps physique des s\u00e9quelles d\u2019une \u00e9motivit\u00e9 exacerb\u00e9e.<\/em><\/li>\n<li><b style=\"font-family: inherit; font-size: inherit;\">Le recalage des corps<\/b><b style=\"font-family: inherit; font-size: inherit;\">:<\/b><i style=\"font-family: inherit; font-size: inherit;\">\u00a0<\/i><i style=\"font-family: inherit; font-size: inherit;\">pour palier aux d\u00e9calages des corps d&rsquo;origine m\u00e9canique et\/ou psychologique<\/i><\/li>\n<li><b style=\"font-family: inherit; font-size: inherit;\">L&rsquo;hypertension:<\/b><em style=\"font-family: inherit; font-size: inherit;\"> soin r\u00e9gulateur pour diminuer l\u2019hypertension\u2026 \u00a0 \u00a0 \u00a0 \u00a0<\/em><\/li>\n<li><b style=\"font-family: inherit; font-size: inherit;\">L&rsquo;autoparasitage:<\/b><span style=\"font-family: inherit; font-size: inherit;\">\u00a0pour\u00a0<\/span><em style=\"font-family: inherit; font-size: inherit;\">\u00e9liminer les charges toxiques\u2026<\/em><\/li>\n<li><b style=\"font-family: inherit; font-size: inherit;\">L\u2019apn\u00e9e du sommeil:<\/b><span style=\"font-family: inherit; font-size: inherit;\">\u00a0<\/span><em style=\"font-family: inherit; font-size: inherit;\">pour les difficult\u00e9s respiratoires\u2026<\/em><\/li>\n<li><b style=\"font-family: inherit; font-size: inherit;\">Les colopathies:<\/b><span style=\"font-family: inherit; font-size: inherit;\">\u00a0<\/span><em style=\"font-family: inherit; font-size: inherit;\">soin global pour ce type d\u2019affection et pour aider au soulagement et \u00e0 la gu\u00e9rison\u2026<\/em><\/li>\n<\/ul>\n<ul>\n<li><b>L&rsquo;insuffisances r\u00e9nales:<\/b>\u00a0pour\u00a0<em>traiter, soulager \u00a0et aider \u00e0 lib\u00e9rer les charges \u00e9motives sur les reins\u2026<\/em><\/li>\n<li><b>Les rhumatismes articulaires:<\/b>\u00a0<em>zones cibl\u00e9es: genoux, poignets, \u00e9paules et chevilles<\/em><\/li>\n<li><b>La fibromyalgie:<\/b>\u00a0<em>pour renforcer un organisme affaibli\u2026<\/em><\/li>\n<li><b>L&rsquo;asthme:<\/b>\u00a0<em>pour le contr\u00f4le et le soulagement\u2026<\/em><\/li>\n<li><b>Les insuffisances immunitaires:\u00a0<\/b><i>en cas de faiblesse\u00a0immunitaire pour renforcer le terrain<\/i><\/li>\n<li><b>L\u2019\u00e9pilepsie: <\/b><i>pour traiter en profondeur les crises p\u00e9riodiques<\/i><\/li>\n<li><b>Les h\u00e9patites A, B et C: <\/b><i>pour ralentir la propagation virale et favoriser la restauration des fonctions h\u00e9patiques<\/i><\/li>\n<li><b>Les troubles obsessionnels compulsifs<\/b><i>et bien d\u2019autres&#8230;<\/i><\/li>\n<\/ul>\n<p><span style=\"font-size: x-large;\">Les soins sp\u00e9cifiques \u00e0 la femme :<\/span><\/p>\n<ul>\n<li><b>La pr\u00e9-m\u00e9nopause ou m\u00e9nopause:<\/b>\u00a0<em>\u00e9liminer les sympt\u00f4mes et soulager \u2026<\/em><\/li>\n<li><b>Les fausses-couches:<\/b>\u00a0<em>appliquer un pansement \u00e9nerg\u00e9tique favorisant la cicatrisation des plaies \u00e9th\u00e9riques, \u00e9motionnelles et mentales caus\u00e9es par une fausse-couche \u2026<\/em><\/li>\n<li><b>Les cycles f\u00e9minins irr\u00e9guliers:<\/b>\u00a0<em>r\u00e9guler \u00e0 la fois l&rsquo;abondance de leur flux et leur dur\u00e9e\u00a0<\/em><i>\u2026<\/i><\/li>\n<li><i><\/i><b>Les probl\u00e8mes circulatoires des jambes:<\/b>\u00a0<em>pour les lourdeurs ressenties au niveau du bassin, dans les plis de l&rsquo;aine ou le long des jambes.<\/em><\/li>\n<li><b>Les troubles \u00e9nerg\u00e9tiques de la femme enceinte:<\/b>\u00a0<em>pour traiter les diff\u00e9rents d\u00e9sordres \u00e9nerg\u00e9tiques g\u00e9n\u00e9r\u00e9s par une grossesse.<\/em><\/li>\n<li><b>L&rsquo;infertilit\u00e9 f\u00e9minine:<\/b> pour un travail de fond sur plusieurs niveaux de conscience<\/li>\n<li><b>Les cystites<\/b><\/li>\n<li><b><\/b><b>L\u2019endom\u00e9triose:<\/b> traitement curatif et \u00e9galement en cas de \u00a0douleurs<\/li>\n<\/ul>\n<p><span style=\"font-size: x-large;\">Les pratiques avanc\u00e9es :<\/span><\/p>\n<ul>\n<li><strong>Le langage des vert\u00e8bres<\/strong><\/li>\n<li><strong>Le soin des Arch\u00e9types<\/strong><\/li>\n<li><strong>La gu\u00e9rison des p\u00e9tales<\/strong><\/li>\n<li><strong>Le soin de l&rsquo;Abandon<\/strong><\/li>\n<\/ul>\n<p style=\"text-align: left;\"><span style=\"font-size: large;\">&#8230; et bien d&rsquo;autres soins \u00a0mentionn\u00e9s dans le <a href=\"https:\/\/editions-le-passe-monde.com\/produit\/le-grand-livre-des-therapies-esseniennes-et-egyptiennes\/\" target=\"_blank\" rel=\"noopener\"><strong>Nouveau Grand Livre des Th\u00e9rapies Ess\u00e9niennes et Egyptiennes<\/strong><\/a>.<\/span><\/p>\n<p><a href=\"https:\/\/editions-le-passe-monde.com\/produit\/le-grand-livre-des-therapies-esseniennes-et-egyptiennes\/\" target=\"_blank\" rel=\"noopener\"><img loading=\"lazy\" decoding=\"async\" class=\"aligncenter wp-image-3994 size-medium\" src=\"https:\/\/landeco-preproduction.fr\/solaris-universalis.com\/wp-content\/uploads\/2023\/11\/le-Nouveau-Grand-Livre-des-Therapies-Esseniennes-et-Egyptiennes-237x300.png\" alt=\"\" width=\"237\" height=\"300\" data-wp-editing=\"1\" srcset=\"https:\/\/landeco-preproduction.fr\/solaris-universalis.com\/wp-content\/uploads\/2023\/11\/le-Nouveau-Grand-Livre-des-Therapies-Esseniennes-et-Egyptiennes-237x300.png 237w, https:\/\/landeco-preproduction.fr\/solaris-universalis.com\/wp-content\/uploads\/2023\/11\/le-Nouveau-Grand-Livre-des-Therapies-Esseniennes-et-Egyptiennes-808x1024.png 808w, https:\/\/landeco-preproduction.fr\/solaris-universalis.com\/wp-content\/uploads\/2023\/11\/le-Nouveau-Grand-Livre-des-Therapies-Esseniennes-et-Egyptiennes-768x974.png 768w, https:\/\/landeco-preproduction.fr\/solaris-universalis.com\/wp-content\/uploads\/2023\/11\/le-Nouveau-Grand-Livre-des-Therapies-Esseniennes-et-Egyptiennes.png 978w\" sizes=\"(max-width: 237px) 100vw, 237px\" \/><\/a><\/p>\n<\/td>\n<\/tr>\n<\/tbody>\n<\/table>\n<p>[\/et_pb_text][\/et_pb_column][\/et_pb_row][\/et_pb_section]<\/p>\n","protected":false},"excerpt":{"rendered":"<p>Enseign\u00e9 par Daniel MEUROIS et Marie Johanne CROTEAU selon leur M\u00e9thode compl\u00e8te d&rsquo;apr\u00e8s LE NOUVEAU GRAND LIVRE DES TH\u00c9RAPIES ESS\u00c9NIENNES ET \u00c9GYPTIENNES je suis agr\u00e9\u00e9 de l&rsquo;Institut de la Tradition Th\u00e9rapeutique Ess\u00e9nienne et Egyptienne (ITTEE). Le d\u00e9roulement de la s\u00e9ance : La s\u00e9ance se d\u00e9roule sous une lumi\u00e8re tamis\u00e9e avec des bougies, une musique douce [&hellip;]<\/p>\n","protected":false},"author":116,"featured_media":0,"parent":11,"menu_order":0,"comment_status":"open","ping_status":"open","template":"","meta":{"_et_pb_use_builder":"on","_et_pb_old_content":"<table style=\"background-image: url('https:\/\/landeco-preproduction.fr\/solaris-universalis.com\/wp-content\/uploads\/2012\/09\/fond-page-11.png');\" border=\"0\"><tbody><tr><td><p style=\"text-align: justify;\"><span style=\"font-size: x-large;\">Soins \u00e9nerg\u00e9tiques de base :<\/span><\/p><p style=\"text-align: justify; padding-left: 30px;\">Harmonisation \u00e9nerg\u00e9tique<\/p><p style=\"text-align: justify; padding-left: 30px;\"><span style=\"font-size: medium;\">Stress, fatigue<\/span><\/p><p style=\"text-align: justify; padding-left: 30px;\"><span style=\"font-size: medium;\">Lib\u00e9ration des m\u00e9moires<\/span><\/p><p style=\"text-align: justify;\"><span style=\"font-size: x-large;\">Soins compl\u00e9mentaires avec leurs objectifs :<\/span><\/p><p style=\"padding-left: 30px;\"><span style=\"color: #333333; font-size: large;\"><span style=\"text-align: justify;\"><span style=\"font-size: medium;\">Soin grande fatigue<\/span> :\u00a0<\/span><span style=\"font-size: medium;\"><em style=\"text-align: justify;\">tonifier \u00e9nerg\u00e9tiquement l\u2019\u00eatre \u00e0 soigner<\/em><\/span><\/span><a href=\"https:\/\/landeco-preproduction.fr\/solaris-universalis.com\/wp-content\/uploads\/2012\/09\/logo-soins-esseniens1.png\"><br \/><\/a><\/p><p style=\"text-align: justify; padding-left: 30px;\">Les fuite<span style=\"font-size: medium;\">s \u00e9nerg\u00e9<\/span>tiques :\u00a0<em>r\u00e9tablir l\u2019\u00e9quilibre \u00e9nerg\u00e9tique de l\u2019\u00eatre. \u00a0<\/em><\/p><p style=\"text-align: justify; padding-left: 30px;\">Les m\u00e9moires cellulaires :\u00a0<em>effacer \u00a0de la m\u00e9moire cellulaire les troubles que le corps continue \u00e0 manifester comme un automatisme\u2026<\/em><\/p><p style=\"text-align: justify; padding-left: 30px;\">Le chakra laryng\u00e9 :\u00a0<em>vise \u00e0 soigner et \u00e0 \u00e9liminer les blocages \u00e0 la gorge\u2026.<\/em><\/p><p style=\"text-align: justify; padding-left: 30px;\">La d\u00e9pression et les \u00e9tats d\u00e9pressifs:\u00a0<em>faire en sorte que le v\u00e9hicule physique, \u00e9th\u00e9rique et \u00e9motionnel soit d\u00e9barrass\u00e9 d\u2019un maximum de scories et puisse servir de support \u00e0 un travail int\u00e9rieur, psycho-th\u00e9rapeutique.<\/em><\/p><p style=\"text-align: justify; padding-left: 30px;\">Les formes-pens\u00e9es :\u00a0<em>\u00e9liminer les blocages produits dans l\u2019aura mentale par les formes-pens\u00e9es\u2026<\/em><\/p><p style=\"text-align: justify; padding-left: 30px;\">Les \u00e9tats de choc :\u00a0<em>pour le traitement des \u00e9tats \u00e9motionnels intenses cons\u00e9cutifs \u00e0 un choc\u2026<\/em><\/p><p style=\"text-align: justify; padding-left: 30px;\">L'\u00e9motivit\u00e9 profonde :\u00a0<em>d\u00e9gager le corps physique des s\u00e9quelles d\u2019une \u00e9motivit\u00e9 exacerb\u00e9e.<\/em><\/p><p style=\"text-align: justify; padding-left: 30px;\">Les fausses-couches :\u00a0<em>appliquer un pansement \u00e9nerg\u00e9tique favorisant la cicatrisation des plaies \u00e9th\u00e9riques, \u00e9motionnelles et mentales caus\u00e9es par une fausse-couche \u2026<\/em><\/p><p style=\"text-align: justify; padding-left: 30px;\">Le recalage des corps<em>\u00a0: origine m\u00e9canique et \/ou psychologique<\/em><\/p><p style=\"text-align: justify; padding-left: 30px;\">L'hypertension :<em>\u00a0pour diminuer l\u2019hypertension\u2026 \u00a0 \u00a0 \u00a0 \u00a0 \u00a0<\/em><\/p><p style=\"text-align: justify; padding-left: 30px;\">L'autoparasitage :\u00a0<em>\u00e9liminer les charges toxiques\u2026<\/em><\/p><p style=\"text-align: justify; padding-left: 30px;\">La pr\u00e9-m\u00e9nopause ou m\u00e9nopause :\u00a0<em>\u00e9liminer les sympt\u00f4mes et soulager \u2026<\/em><\/p><p style=\"text-align: justify; padding-left: 30px;\">L\u2019apn\u00e9e du sommeil :\u00a0<em>pour toutes les difficult\u00e9s respiratoires\u2026<\/em><\/p><p style=\"padding-left: 30px;\"><span style=\"text-align: justify;\">Les colopathies :\u00a0<\/span><em style=\"text-align: justify;\">soin global pour ce type d\u2019affection et aider au soulagement et la gu\u00e9rison\u2026<\/em><\/p><p style=\"text-align: justify; padding-left: 30px;\">L'insuffisances r\u00e9nales : <em>traiter , soulager \u00a0et aider \u00e0 lib\u00e9rer les charges \u00e9motives sur les reins\u2026<\/em><\/p><p style=\"text-align: justify; padding-left: 30px;\">Les rhumatismes articulaires :\u00a0<em>zones cibl\u00e9es : genoux, poignets, \u00e9paules et chevilles<\/em><\/p><p style=\"text-align: justify; padding-left: 30px;\">La fibromyalgie :\u00a0<em>pour renforcer un organisme affaibli\u2026<\/em><\/p><p style=\"padding-left: 30px;\"><span style=\"text-align: justify;\">L'asthme :\u00a0<\/span><em style=\"text-align: justify;\">pour le contr\u00f4le et le soulagement\u2026<\/em><\/p><p style=\"text-align: right;\"><span style=\"font-size: large;\">... et bien d'autres soins non mentionn\u00e9s sur cette page.<\/span><\/p><p style=\"text-align: center;\"><a title=\"site ess\u00e9niens.net\" href=\"https:\/\/esseniens.com\/wp\/\" target=\"_blank\" rel=\"noopener noreferrer\"><img class=\"aligncenter wp-image-749\" title=\"Transparent nouveau\" src=\"https:\/\/landeco-preproduction.fr\/solaris-universalis.com\/wp-content\/uploads\/2012\/09\/Transparent-nouveau1-1024x512.png\" alt=\"\" width=\"482\" height=\"241\" \/><\/a><\/p><\/td><\/tr><\/tbody><\/table>","_et_gb_content_width":"","_exactmetrics_skip_tracking":false,"footnotes":""},"class_list":["post-613","page","type-page","status-publish","hentry"],"yoast_head":"<!-- This site is optimized with the Yoast SEO plugin v26.6 - https:\/\/yoast.com\/wordpress\/plugins\/seo\/ -->\n<title>La pratique th\u00e9rapeutique - Solaris-Universalis.com<\/title>\n<meta name=\"robots\" content=\"index, follow, max-snippet:-1, max-image-preview:large, max-video-preview:-1\" \/>\n<link rel=\"canonical\" href=\"https:\/\/landeco-preproduction.fr\/solaris-universalis.com\/les-soins\/la-pratique-therapeutique\/\" \/>\n<meta property=\"og:locale\" content=\"fr_FR\" \/>\n<meta property=\"og:type\" content=\"article\" \/>\n<meta property=\"og:title\" content=\"La pratique th\u00e9rapeutique - Solaris-Universalis.com\" \/>\n<meta property=\"og:description\" content=\"Enseign\u00e9 par Daniel MEUROIS et Marie Johanne CROTEAU selon leur M\u00e9thode compl\u00e8te d&#039;apr\u00e8s LE NOUVEAU GRAND LIVRE DES TH\u00c9RAPIES ESS\u00c9NIENNES ET \u00c9GYPTIENNES je suis agr\u00e9\u00e9 de l&#039;Institut de la Tradition Th\u00e9rapeutique Ess\u00e9nienne et Egyptienne (ITTEE). Le d\u00e9roulement de la s\u00e9ance : La s\u00e9ance se d\u00e9roule sous une lumi\u00e8re tamis\u00e9e avec des bougies, une musique douce [&hellip;]\" \/>\n<meta property=\"og:url\" content=\"https:\/\/landeco-preproduction.fr\/solaris-universalis.com\/les-soins\/la-pratique-therapeutique\/\" \/>\n<meta property=\"og:site_name\" content=\"Solaris-Universalis.com\" \/>\n<meta property=\"article:modified_time\" content=\"2026-01-08T10:49:03+00:00\" \/>\n<meta property=\"og:image\" content=\"https:\/\/landeco-preproduction.fr\/solaris-universalis.com\/wp-content\/uploads\/2020\/03\/0002qP-300x232.jpeg\" \/>\n<meta name=\"twitter:card\" content=\"summary_large_image\" \/>\n<meta name=\"twitter:label1\" content=\"Dur\u00e9e de lecture estim\u00e9e\" \/>\n\t<meta name=\"twitter:data1\" content=\"6 minutes\" \/>\n<script type=\"application\/ld+json\" class=\"yoast-schema-graph\">{\"@context\":\"https:\/\/schema.org\",\"@graph\":[{\"@type\":\"WebPage\",\"@id\":\"https:\/\/landeco-preproduction.fr\/solaris-universalis.com\/les-soins\/la-pratique-therapeutique\/\",\"url\":\"https:\/\/landeco-preproduction.fr\/solaris-universalis.com\/les-soins\/la-pratique-therapeutique\/\",\"name\":\"La pratique th\u00e9rapeutique - Solaris-Universalis.com\",\"isPartOf\":{\"@id\":\"https:\/\/landeco-preproduction.fr\/solaris-universalis.com\/#website\"},\"primaryImageOfPage\":{\"@id\":\"https:\/\/landeco-preproduction.fr\/solaris-universalis.com\/les-soins\/la-pratique-therapeutique\/#primaryimage\"},\"image\":{\"@id\":\"https:\/\/landeco-preproduction.fr\/solaris-universalis.com\/les-soins\/la-pratique-therapeutique\/#primaryimage\"},\"thumbnailUrl\":\"https:\/\/landeco-preproduction.fr\/solaris-universalis.com\/wp-content\/uploads\/2020\/03\/0002qP-300x232.jpeg\",\"datePublished\":\"2012-09-14T09:03:28+00:00\",\"dateModified\":\"2026-01-08T10:49:03+00:00\",\"breadcrumb\":{\"@id\":\"https:\/\/landeco-preproduction.fr\/solaris-universalis.com\/les-soins\/la-pratique-therapeutique\/#breadcrumb\"},\"inLanguage\":\"fr-FR\",\"potentialAction\":[{\"@type\":\"ReadAction\",\"target\":[\"https:\/\/landeco-preproduction.fr\/solaris-universalis.com\/les-soins\/la-pratique-therapeutique\/\"]}]},{\"@type\":\"ImageObject\",\"inLanguage\":\"fr-FR\",\"@id\":\"https:\/\/landeco-preproduction.fr\/solaris-universalis.com\/les-soins\/la-pratique-therapeutique\/#primaryimage\",\"url\":\"https:\/\/landeco-preproduction.fr\/solaris-universalis.com\/wp-content\/uploads\/2020\/03\/0002qP.jpeg\",\"contentUrl\":\"https:\/\/landeco-preproduction.fr\/solaris-universalis.com\/wp-content\/uploads\/2020\/03\/0002qP.jpeg\",\"width\":2200,\"height\":1700},{\"@type\":\"BreadcrumbList\",\"@id\":\"https:\/\/landeco-preproduction.fr\/solaris-universalis.com\/les-soins\/la-pratique-therapeutique\/#breadcrumb\",\"itemListElement\":[{\"@type\":\"ListItem\",\"position\":1,\"name\":\"Accueil\",\"item\":\"https:\/\/landeco-preproduction.fr\/solaris-universalis.com\/\"},{\"@type\":\"ListItem\",\"position\":2,\"name\":\"Les Th\u00e9rapies ess\u00e9niennes-\u00e9gyptiennes\",\"item\":\"https:\/\/landeco-preproduction.fr\/solaris-universalis.com\/les-soins\/\"},{\"@type\":\"ListItem\",\"position\":3,\"name\":\"La pratique th\u00e9rapeutique\"}]},{\"@type\":\"WebSite\",\"@id\":\"https:\/\/landeco-preproduction.fr\/solaris-universalis.com\/#website\",\"url\":\"https:\/\/landeco-preproduction.fr\/solaris-universalis.com\/\",\"name\":\"Solaris-Universalis.com\",\"description\":\"Les soins ess\u00e9niens\",\"publisher\":{\"@id\":\"https:\/\/landeco-preproduction.fr\/solaris-universalis.com\/#organization\"},\"potentialAction\":[{\"@type\":\"SearchAction\",\"target\":{\"@type\":\"EntryPoint\",\"urlTemplate\":\"https:\/\/landeco-preproduction.fr\/solaris-universalis.com\/?s={search_term_string}\"},\"query-input\":{\"@type\":\"PropertyValueSpecification\",\"valueRequired\":true,\"valueName\":\"search_term_string\"}}],\"inLanguage\":\"fr-FR\"},{\"@type\":\"Organization\",\"@id\":\"https:\/\/landeco-preproduction.fr\/solaris-universalis.com\/#organization\",\"name\":\"Solaris-Universalis.com\",\"url\":\"https:\/\/landeco-preproduction.fr\/solaris-universalis.com\/\",\"logo\":{\"@type\":\"ImageObject\",\"inLanguage\":\"fr-FR\",\"@id\":\"https:\/\/landeco-preproduction.fr\/solaris-universalis.com\/#\/schema\/logo\/image\/\",\"url\":\"https:\/\/landeco-preproduction.fr\/solaris-universalis.com\/wp-content\/uploads\/2012\/09\/logo-soins-esseniens16.png\",\"contentUrl\":\"https:\/\/landeco-preproduction.fr\/solaris-universalis.com\/wp-content\/uploads\/2012\/09\/logo-soins-esseniens16.png\",\"width\":\"181\",\"height\":\"182\",\"caption\":\"Solaris-Universalis.com\"},\"image\":{\"@id\":\"https:\/\/landeco-preproduction.fr\/solaris-universalis.com\/#\/schema\/logo\/image\/\"}}]}<\/script>\n<!-- \/ Yoast SEO plugin. -->","yoast_head_json":{"title":"La pratique th\u00e9rapeutique - Solaris-Universalis.com","robots":{"index":"index","follow":"follow","max-snippet":"max-snippet:-1","max-image-preview":"max-image-preview:large","max-video-preview":"max-video-preview:-1"},"canonical":"https:\/\/landeco-preproduction.fr\/solaris-universalis.com\/les-soins\/la-pratique-therapeutique\/","og_locale":"fr_FR","og_type":"article","og_title":"La pratique th\u00e9rapeutique - Solaris-Universalis.com","og_description":"Enseign\u00e9 par Daniel MEUROIS et Marie Johanne CROTEAU selon leur M\u00e9thode compl\u00e8te d'apr\u00e8s LE NOUVEAU GRAND LIVRE DES TH\u00c9RAPIES ESS\u00c9NIENNES ET \u00c9GYPTIENNES je suis agr\u00e9\u00e9 de l'Institut de la Tradition Th\u00e9rapeutique Ess\u00e9nienne et Egyptienne (ITTEE). Le d\u00e9roulement de la s\u00e9ance : La s\u00e9ance se d\u00e9roule sous une lumi\u00e8re tamis\u00e9e avec des bougies, une musique douce [&hellip;]","og_url":"https:\/\/landeco-preproduction.fr\/solaris-universalis.com\/les-soins\/la-pratique-therapeutique\/","og_site_name":"Solaris-Universalis.com","article_modified_time":"2026-01-08T10:49:03+00:00","og_image":[{"url":"https:\/\/landeco-preproduction.fr\/solaris-universalis.com\/wp-content\/uploads\/2020\/03\/0002qP-300x232.jpeg","type":"","width":"","height":""}],"twitter_card":"summary_large_image","twitter_misc":{"Dur\u00e9e de lecture estim\u00e9e":"6 minutes"},"schema":{"@context":"https:\/\/schema.org","@graph":[{"@type":"WebPage","@id":"https:\/\/landeco-preproduction.fr\/solaris-universalis.com\/les-soins\/la-pratique-therapeutique\/","url":"https:\/\/landeco-preproduction.fr\/solaris-universalis.com\/les-soins\/la-pratique-therapeutique\/","name":"La pratique th\u00e9rapeutique - Solaris-Universalis.com","isPartOf":{"@id":"https:\/\/landeco-preproduction.fr\/solaris-universalis.com\/#website"},"primaryImageOfPage":{"@id":"https:\/\/landeco-preproduction.fr\/solaris-universalis.com\/les-soins\/la-pratique-therapeutique\/#primaryimage"},"image":{"@id":"https:\/\/landeco-preproduction.fr\/solaris-universalis.com\/les-soins\/la-pratique-therapeutique\/#primaryimage"},"thumbnailUrl":"https:\/\/landeco-preproduction.fr\/solaris-universalis.com\/wp-content\/uploads\/2020\/03\/0002qP-300x232.jpeg","datePublished":"2012-09-14T09:03:28+00:00","dateModified":"2026-01-08T10:49:03+00:00","breadcrumb":{"@id":"https:\/\/landeco-preproduction.fr\/solaris-universalis.com\/les-soins\/la-pratique-therapeutique\/#breadcrumb"},"inLanguage":"fr-FR","potentialAction":[{"@type":"ReadAction","target":["https:\/\/landeco-preproduction.fr\/solaris-universalis.com\/les-soins\/la-pratique-therapeutique\/"]}]},{"@type":"ImageObject","inLanguage":"fr-FR","@id":"https:\/\/landeco-preproduction.fr\/solaris-universalis.com\/les-soins\/la-pratique-therapeutique\/#primaryimage","url":"https:\/\/landeco-preproduction.fr\/solaris-universalis.com\/wp-content\/uploads\/2020\/03\/0002qP.jpeg","contentUrl":"https:\/\/landeco-preproduction.fr\/solaris-universalis.com\/wp-content\/uploads\/2020\/03\/0002qP.jpeg","width":2200,"height":1700},{"@type":"BreadcrumbList","@id":"https:\/\/landeco-preproduction.fr\/solaris-universalis.com\/les-soins\/la-pratique-therapeutique\/#breadcrumb","itemListElement":[{"@type":"ListItem","position":1,"name":"Accueil","item":"https:\/\/landeco-preproduction.fr\/solaris-universalis.com\/"},{"@type":"ListItem","position":2,"name":"Les Th\u00e9rapies ess\u00e9niennes-\u00e9gyptiennes","item":"https:\/\/landeco-preproduction.fr\/solaris-universalis.com\/les-soins\/"},{"@type":"ListItem","position":3,"name":"La pratique th\u00e9rapeutique"}]},{"@type":"WebSite","@id":"https:\/\/landeco-preproduction.fr\/solaris-universalis.com\/#website","url":"https:\/\/landeco-preproduction.fr\/solaris-universalis.com\/","name":"Solaris-Universalis.com","description":"Les soins ess\u00e9niens","publisher":{"@id":"https:\/\/landeco-preproduction.fr\/solaris-universalis.com\/#organization"},"potentialAction":[{"@type":"SearchAction","target":{"@type":"EntryPoint","urlTemplate":"https:\/\/landeco-preproduction.fr\/solaris-universalis.com\/?s={search_term_string}"},"query-input":{"@type":"PropertyValueSpecification","valueRequired":true,"valueName":"search_term_string"}}],"inLanguage":"fr-FR"},{"@type":"Organization","@id":"https:\/\/landeco-preproduction.fr\/solaris-universalis.com\/#organization","name":"Solaris-Universalis.com","url":"https:\/\/landeco-preproduction.fr\/solaris-universalis.com\/","logo":{"@type":"ImageObject","inLanguage":"fr-FR","@id":"https:\/\/landeco-preproduction.fr\/solaris-universalis.com\/#\/schema\/logo\/image\/","url":"https:\/\/landeco-preproduction.fr\/solaris-universalis.com\/wp-content\/uploads\/2012\/09\/logo-soins-esseniens16.png","contentUrl":"https:\/\/landeco-preproduction.fr\/solaris-universalis.com\/wp-content\/uploads\/2012\/09\/logo-soins-esseniens16.png","width":"181","height":"182","caption":"Solaris-Universalis.com"},"image":{"@id":"https:\/\/landeco-preproduction.fr\/solaris-universalis.com\/#\/schema\/logo\/image\/"}}]}},"_links":{"self":[{"href":"https:\/\/landeco-preproduction.fr\/solaris-universalis.com\/wp-json\/wp\/v2\/pages\/613","targetHints":{"allow":["GET"]}}],"collection":[{"href":"https:\/\/landeco-preproduction.fr\/solaris-universalis.com\/wp-json\/wp\/v2\/pages"}],"about":[{"href":"https:\/\/landeco-preproduction.fr\/solaris-universalis.com\/wp-json\/wp\/v2\/types\/page"}],"author":[{"embeddable":true,"href":"https:\/\/landeco-preproduction.fr\/solaris-universalis.com\/wp-json\/wp\/v2\/users\/116"}],"replies":[{"embeddable":true,"href":"https:\/\/landeco-preproduction.fr\/solaris-universalis.com\/wp-json\/wp\/v2\/comments?post=613"}],"version-history":[{"count":117,"href":"https:\/\/landeco-preproduction.fr\/solaris-universalis.com\/wp-json\/wp\/v2\/pages\/613\/revisions"}],"predecessor-version":[{"id":4293,"href":"https:\/\/landeco-preproduction.fr\/solaris-universalis.com\/wp-json\/wp\/v2\/pages\/613\/revisions\/4293"}],"up":[{"embeddable":true,"href":"https:\/\/landeco-preproduction.fr\/solaris-universalis.com\/wp-json\/wp\/v2\/pages\/11"}],"wp:attachment":[{"href":"https:\/\/landeco-preproduction.fr\/solaris-universalis.com\/wp-json\/wp\/v2\/media?parent=613"}],"curies":[{"name":"wp","href":"https:\/\/api.w.org\/{rel}","templated":true}]}}