{"id":1879,"date":"2012-11-29T17:23:28","date_gmt":"2012-11-29T16:23:28","guid":{"rendered":"https:\/\/landeco-preproduction.fr\/solaris-universalis.com\/?page_id=1879"},"modified":"2025-11-15T16:11:49","modified_gmt":"2025-11-15T15:11:49","slug":"les-vosges","status":"publish","type":"page","link":"https:\/\/landeco-preproduction.fr\/solaris-universalis.com\/formations-3\/les-vosges\/","title":{"rendered":"Les Vosges"},"content":{"rendered":"<p>[et_pb_section fb_built=\u00a0\u00bb1&Prime; _builder_version=\u00a0\u00bb3.19.18&Prime; background_color=\u00a0\u00bbrgba(0,0,0,0)\u00a0\u00bb][et_pb_row use_custom_gutter=\u00a0\u00bbon\u00a0\u00bb gutter_width=\u00a0\u00bb2&Prime; _builder_version=\u00a0\u00bb3.19.18&Prime; background_size=\u00a0\u00bbinitial\u00a0\u00bb background_position=\u00a0\u00bbtop_left\u00a0\u00bb background_repeat=\u00a0\u00bbrepeat\u00a0\u00bb][et_pb_column type=\u00a0\u00bb4_4&Prime; _builder_version=\u00a0\u00bb3.0.47&Prime;][et_pb_text _builder_version=\u00a0\u00bb3.19.18&Prime; background_size=\u00a0\u00bbinitial\u00a0\u00bb background_position=\u00a0\u00bbtop_left\u00a0\u00bb background_repeat=\u00a0\u00bbrepeat\u00a0\u00bb]<\/p>\n<h3>\u00a0<\/h3>\n<h3 style=\"text-align: center;\"><span style=\"color: #ff9900;\"><strong>NOUVEAU<\/strong><\/span><\/h3>\n<h4 style=\"text-align: center;\"><span style=\"color: #993300;\"><strong>Cursus 2026-2030 *<\/strong><\/span><\/h4>\n<p style=\"text-align: justify;\">Francis Hoffmann et Clim\u00e8ne, enseignants certifi\u00e9s par <a href=\"https:\/\/danielmeurois.com\" target=\"_blank\" rel=\"noopener\">Daniel Meurois<\/a> et <a href=\"https:\/\/intus-solaris.fr\" target=\"_blank\" rel=\"noopener\">Marie Johanne Meurois-Croteau<\/a> selon leur M\u00e9thode compl\u00e8te, proposent un nouveau cycle d&rsquo;enseignement de la Tradition th\u00e9rapeutique ess\u00e9nienne et \u00e9gyptienne*.<\/p>\n<p><img loading=\"lazy\" decoding=\"async\" class=\"wp-image-3184 aligncenter \" src=\"https:\/\/landeco-preproduction.fr\/solaris-universalis.com\/wp-content\/uploads\/2012\/11\/DSC_0540_pp_Beautune_20171016-2_Beautune_20171016-1024x747.jpg\" alt=\"\" width=\"716\" height=\"522\" srcset=\"https:\/\/landeco-preproduction.fr\/solaris-universalis.com\/wp-content\/uploads\/2012\/11\/DSC_0540_pp_Beautune_20171016-2_Beautune_20171016-1024x747.jpg 1024w, https:\/\/landeco-preproduction.fr\/solaris-universalis.com\/wp-content\/uploads\/2012\/11\/DSC_0540_pp_Beautune_20171016-2_Beautune_20171016-300x219.jpg 300w, https:\/\/landeco-preproduction.fr\/solaris-universalis.com\/wp-content\/uploads\/2012\/11\/DSC_0540_pp_Beautune_20171016-2_Beautune_20171016-768x560.jpg 768w, https:\/\/landeco-preproduction.fr\/solaris-universalis.com\/wp-content\/uploads\/2012\/11\/DSC_0540_pp_Beautune_20171016-2_Beautune_20171016-1080x788.jpg 1080w\" sizes=\"(max-width: 716px) 100vw, 716px\" \/><\/p>\n<p style=\"text-align: justify;\">Ce cycle de formation* se d\u00e9roule en 8 sessions r\u00e9parties sur trois ann\u00e9es et demi, \u00e0 raison de deux modules de 4 jours par an, au printemps et \u00e0 l\u2019automne.<\/p>\n<p><strong>La premi\u00e8re session aura lieu du mercredi 23 septembre 2026 \u00e0 17h00 au dimanche 27 septembre.<\/strong><\/p>\n<p><strong>La seconde session aura lieu en mars 2027.<\/strong><\/p>\n<p style=\"text-align: justify;\">Le lieu de la formation est situ\u00e9 \u00e0 La Bresse, en altitude et dans un \u00e9crin de verdure propice \u00e0 l&rsquo;enseignement des soins th\u00e9rapeutiques.<\/p>\n<p style=\"text-align: justify;\">L&rsquo;ensemble de l&rsquo;enseignement et du travail pratique aura lieu dans la salle de soin de 160m2, parfaitement adapt\u00e9e (chaleureuse, spacieuse et au coeur de la verdure) et propice aux m\u00e9ditations. Durant les exercices pratiques, le travail se fera en bin\u00f4me, en inversant les r\u00f4les : \u00e9l\u00e8ve-th\u00e9rapeute et \u00e9l\u00e8ve-patient. Le contenu de la formation s\u2019articulera autour du <a href=\"https:\/\/editions-le-passe-monde.com\/produit\/le-grand-livre-des-therapies-esseniennes-et-egyptiennes\/\" target=\"_blank\" rel=\"noopener\"><i>\u00abNouveau Grand Livre des Th\u00e9rapies Ess\u00e9niennes et Egyptiennes\u00bb <\/i><\/a>de Daniel Meurois et Marie-Johanne Croteau, ouvrage indispensable, qui servira de base pour l\u2019apprentissage th\u00e9orique et pratique durant tout le cursus.<span class=\"Apple-converted-space\">\u00a0<\/span><\/p>\n<p style=\"text-align: justify;\">L&rsquo;enseignement porte sur:<\/p>\n<ul>\n<li style=\"text-align: justify;\">L\u2019approche holistique et multi-dimensionnelle de l\u2019\u00eatre humain avec ses diff\u00e9rents corps et leurs caract\u00e9ristiques, les chakras majeurs et secondaires, le r\u00e9seau des nadis.<\/li>\n<li style=\"text-align: justify;\">La posture du th\u00e9rapeute.<\/li>\n<li style=\"text-align: justify;\">L\u2019apprentissage des perceptions subtiles : la d\u00e9couverte du toucher, la palpation de l\u2019\u00e9th\u00e9rique, la palpation et la lecture de la m\u00e9diane.<\/li>\n<li style=\"text-align: justify;\">La pratique de la pri\u00e8re du coeur et l&rsquo;imposition des mains comme m\u00e9thode th\u00e9rapeutique.<\/li>\n<li style=\"text-align: justify;\">Les m\u00e9thodes de traitement sp\u00e9cifiques (harmonisation des chakras, incisions \u00e9th\u00e9riques, extractions, nettoyages, etc&#8230; ).<\/li>\n<li style=\"text-align: justify;\">Les soins g\u00e9n\u00e9raux (recalage des corps, formes-pens\u00e9es, cristallisations mentales, &#8230;)<\/li>\n<li style=\"text-align: justify;\">La lib\u00e9ration des m\u00e9moires.<\/li>\n<li>Les soins sp\u00e9cifiques, les soins f\u00e9minins\u2026<\/li>\n<li style=\"text-align: justify;\">Les pratiques avanc\u00e9es (Arch\u00e9types et symboles).<\/li>\n<li style=\"text-align: justify;\">L\u2019introduction \u00e0 la pratique de la lecture d\u2019aura visuelle et tactile.<\/li>\n<li style=\"text-align: justify;\">La pratique des m\u00e9ditations guid\u00e9es.<\/li>\n<li style=\"text-align: justify;\">La pratique de la purification des 8 chakras.<\/li>\n<li style=\"text-align: justify;\">Les huiles de soins consacr\u00e9es.<span class=\"Apple-converted-space\">\u00a0<\/span><\/li>\n<\/ul>\n<p style=\"text-align: justify;\"><span style=\"text-align: justify;\">Tout au long du cycle, une attention toute particuli\u00e8re sera donn\u00e9e \u00e0 la dimension profond\u00e9ment sacr\u00e9e dans l\u2019apprentissage et dans la pratique de ces soins d&rsquo;inspiration solaire. Notre souhait est de pouvoir constituer une belle \u00e9quipe de personnes de c\u0153ur, voulant \u00e9tudier et pratiquer les soins dans un esprit de compassion et de Service.<\/span><\/p>\n<p style=\"text-align: justify;\">\u00ab\u00a0Ecole de Vie\u00a0\u00bb propice \u00e0 la transformation globale de l&rsquo;\u00eatre, cette formation est un privil\u00e8ge car elle construit sur le plan spirituel. Dans ce sens elle est ouverte \u00e0 toute personne d\u00e9sireuse de faire l\u2019apprentissage de ces soins \u00e9nerg\u00e9tiques <span style=\"text-align: justify;\">avec simplicit\u00e9 et authenticit\u00e9.<\/span><\/p>\n<p style=\"text-align: justify;\">A la fin du cursus, chaque \u00e9tudiant a la possibilit\u00e9 de passer une \u00e9valuation pouvant donner droit \u00e0 un certificat d&rsquo;aptitude \u00e0 la pratique des Th\u00e9rapies ess\u00e9niennes et \u00e9gyptiennes sous l&rsquo;\u00e9gide de l&rsquo;ITTEE puis d&rsquo;\u00eatre \u00e9ventuellement r\u00e9f\u00e9renc\u00e9 sur le site officiel <a href=\"https:\/\/esseniens.com\" target=\"_blank\" rel=\"noopener\">www.esseniens.com<\/a> de l&rsquo;Institut en tant que th\u00e9rapeute.<\/p>\n<p style=\"text-align: justify;\">Pour les informations d&rsquo;ordre pratique, telles que le co\u00fbt des sessions et les frais d&rsquo;h\u00e9bergement, veuillez nous contacter directement \u00e0 cette adresse: \u00a0<a href=\"mailto:francis@landeco-preproduction.fr\" target=\"_blank\" rel=\"noopener\">francis@landeco-preproduction.fr<\/a><\/p>\n<p style=\"text-align: justify;\">ou nous joindre par t\u00e9l\u00e9phone au 06 22 62 81 20.<\/p>\n<p>&nbsp;<\/p>\n<h3>* Formation certifiante et agr\u00e9\u00e9e par l&rsquo;ITTEE:<\/h3>\n<div>\n<div>\n<p style=\"text-align: justify;\"><a href=\"https:\/\/esseniens.com\/nos-formations\/\" target=\"_blank\" rel=\"noopener\"><img loading=\"lazy\" decoding=\"async\" class=\"wp-image-3310 size-medium aligncenter\" src=\"https:\/\/landeco-preproduction.fr\/solaris-universalis.com\/wp-content\/uploads\/2019\/05\/\u00a9-logo-ITTEE-fond-transparent-\u00a9-300x143.png\" alt=\"\" width=\"300\" height=\"143\" srcset=\"https:\/\/landeco-preproduction.fr\/solaris-universalis.com\/wp-content\/uploads\/2019\/05\/\u00a9-logo-ITTEE-fond-transparent-\u00a9-300x143.png 300w, https:\/\/landeco-preproduction.fr\/solaris-universalis.com\/wp-content\/uploads\/2019\/05\/\u00a9-logo-ITTEE-fond-transparent-\u00a9-768x365.png 768w, https:\/\/landeco-preproduction.fr\/solaris-universalis.com\/wp-content\/uploads\/2019\/05\/\u00a9-logo-ITTEE-fond-transparent-\u00a9-1024x487.png 1024w, https:\/\/landeco-preproduction.fr\/solaris-universalis.com\/wp-content\/uploads\/2019\/05\/\u00a9-logo-ITTEE-fond-transparent-\u00a9-1080x513.png 1080w\" sizes=\"(max-width: 300px) 100vw, 300px\" \/><\/a><\/p>\n<\/div>\n<\/div>\n<div>\n<p>&nbsp;<\/p>\n<p style=\"text-align: justify;\">\n<\/div>\n<p>[\/et_pb_text][et_pb_gallery gallery_ids=\u00a0\u00bb3608,3562,3972,2754,3957,3968,1466,3967,3956,3962,3971,3970,3964&Prime; posts_number=\u00a0\u00bb12&Prime; show_title_and_caption=\u00a0\u00bboff\u00a0\u00bb _builder_version=\u00a0\u00bb3.19.18&Prime; caption_font=\u00a0\u00bb||||||||\u00a0\u00bb caption_text_color=\u00a0\u00bb#e02b20&Prime; box_shadow_style_image=\u00a0\u00bbpreset2&Prime;][\/et_pb_gallery][\/et_pb_column][\/et_pb_row][\/et_pb_section]<\/p>\n","protected":false},"excerpt":{"rendered":"<p>\u00a0 NOUVEAU Cursus 2026-2030 * Francis Hoffmann et Clim\u00e8ne, enseignants certifi\u00e9s par Daniel Meurois et Marie Johanne Meurois-Croteau selon leur M\u00e9thode compl\u00e8te, proposent un nouveau cycle d&rsquo;enseignement de la Tradition th\u00e9rapeutique ess\u00e9nienne et \u00e9gyptienne*. Ce cycle de formation* se d\u00e9roule en 8 sessions r\u00e9parties sur trois ann\u00e9es et demi, \u00e0 raison de deux modules de [&hellip;]<\/p>\n","protected":false},"author":116,"featured_media":0,"parent":577,"menu_order":0,"comment_status":"open","ping_status":"open","template":"","meta":{"_et_pb_use_builder":"on","_et_pb_old_content":"<h1 style=\"text-align: center;\"><strong><span style=\"color: #ff6600; font-size: x-large;\">Mars 2018<\/span><\/strong><\/h1><h3 style=\"text-align: center;\"><span style=\"color: #993300;\"><strong>cursus 2018-2020<\/strong><\/span><\/h3><p>Francis Hoffmann et Clim\u00e8ne proposent un nouveau cursus de formation dans l'art des Th\u00e9rapies\u00a0Ess\u00e9niennes et Egyptiennes selon la Tradition compl\u00e8te transmise par Marie Johanne Croteau-Meurois et Daniel Meurois.<\/p>[caption id=\"attachment_3184\" align=\"aligncenter\" width=\"1024\"]<img class=\"wp-image-3184 size-large\" title=\"Marie-Johanne, Clim\u00e8ne, Daniel et Francis\" src=\"https:\/\/landeco-preproduction.fr\/solaris-universalis.com\/wp-content\/uploads\/2012\/11\/DSC_0540_pp_Beautune_20171016-2_Beautune_20171016-1024x747.jpg\" alt=\"Marie-Johanne, Clim\u00e8ne, Daniel et Francis\" width=\"1024\" height=\"747\" \/> Marie-Johanne, Clim\u00e8ne, Daniel et Francis[\/caption]<p style=\"text-align: justify;\">Ce cycle de formation se d\u00e9roulera sur trois ann\u00e9es, \u00e0 raison de deux modules de 4 jours par an, au printemps et \u00e0 l\u2019automne.<\/p><h3>La <strong>premi\u00e8re session<\/strong> aura lieu <strong>du mercredi 21 mars 2018 \u00e0 18h00 au dimanche 25 mars vers 17h00<\/strong>.<\/h3><h3>La\u00a0seconde<strong>\u00a0session<\/strong>\u00a0aura lieu\u00a0<strong>du mercredi 26 septembre 2018 \u00e0 18h00 au dimanche 30\u00a0septembre\u00a0vers 17h00<\/strong>.<\/h3><p style=\"text-align: justify;\">Le lieu de la formation est situ\u00e9 \u00e0 La Bresse, en altitude et dans un \u00e9crin de verdure propice \u00e0 l'enseignement des soins th\u00e9rapeutiques.<\/p>[caption id=\"attachment_2579\" align=\"alignleft\" width=\"250\"]<img class=\"size-full wp-image-2579 \" title=\"Au Chant de la Source\" src=\"https:\/\/landeco-preproduction.fr\/solaris-universalis.com\/wp-content\/uploads\/2012\/11\/maison_arriere.jpg\" alt=\"Au Chant de la Source\" width=\"250\" height=\"218\" \/> Au Chant de la Source[\/caption]<p>\u00a0<\/p><p>\u00a0<\/p>[caption id=\"attachment_3185\" align=\"alignright\" width=\"300\"]<img class=\"wp-image-3185 size-medium\" title=\"En soin\" src=\"https:\/\/landeco-preproduction.fr\/solaris-universalis.com\/wp-content\/uploads\/2012\/11\/IMG_9321-300x225.jpg\" alt=\"En soin\" width=\"300\" height=\"225\" \/> En soin[\/caption]<p>.<\/p>[caption id=\"attachment_2193\" align=\"aligncenter\" width=\"300\"]<img class=\"size-medium wp-image-2193 \" title=\"En soin\" src=\"https:\/\/landeco-preproduction.fr\/solaris-universalis.com\/wp-content\/uploads\/2012\/09\/DSC_0161-300x199.jpg\" alt=\"En soin\" width=\"300\" height=\"199\" \/> En soin[\/caption]<p>\u00a0<\/p>[caption id=\"attachment_2583\" align=\"alignleft\" width=\"300\"]<img class=\"size-medium wp-image-2583 \" title=\"La salle de soin\" src=\"https:\/\/landeco-preproduction.fr\/solaris-universalis.com\/wp-content\/uploads\/2012\/11\/diaporama_salles_06-300x163.jpg\" alt=\"La salle de soin\" width=\"300\" height=\"163\" \/> La salle de soin[\/caption]<p>\u00a0<\/p><p>\u00a0<\/p><p>\u00a0<\/p><p>\u00a0<\/p><p>\u00a0<\/p><p style=\"text-align: justify;\">Cet enseignement est ouvert \u00e0 toute personne d\u00e9sireuse de faire l\u2019apprentissage des soins \u00e9nerg\u00e9tiques sacr\u00e9s, h\u00e9rit\u00e9s des communaut\u00e9s ess\u00e9niennes et de l\u2019Egypte antique.<\/p><p style=\"text-align: justify;\"><span style=\"text-align: justify;\">Tout au long de la formation, une attention toute particuli\u00e8re sera donn\u00e9e \u00e0 la dimension profond\u00e9ment sacr\u00e9e dans l\u2019enseignement et dans la pratique de ces soins. Notre souhait est de pouvoir constituer une belle \u00e9quipe de personnes de c\u0153ur, voulant \u00e9tudier et pratiquer les soins avec compassion et joie.<\/span><\/p><p>Pour les informations d'ordre pratique, telles que le co\u00fbt des sessions et les frais d'h\u00e9bergement, veuillez nous contacter directement \u00e0 cette adresse : \u00a0<span style=\"color: #0000ff;\">\u00a0<a style=\"color: #0000ff;\" href=\"mailto:alsace@esseniens.com\">alsace@esseniens.com<\/a><\/span><\/p><p>Les soins sont \u00e9galement consultables sur le site r\u00e9f\u00e9rent : <a href=\"https:\/\/esseniens.com\/wp\/nos-formations\/\" target=\"_blank\" rel=\"noopener noreferrer\"><span style=\"font-size: x-large; color: #ff6600;\"><span style=\"color: #ff6600;\">esseniens.com<\/span><\/span><\/a><\/p><p>Francis Hoffmann<\/p><p>T\u00e9l : 06 22 62 81 20<\/p><div><p style=\"text-align: justify;\"><img class=\"size-medium wp-image-1891 aligncenter\" title=\"Les soins Ess\u00e9niens-Egyptiens\" src=\"https:\/\/landeco-preproduction.fr\/solaris-universalis.com\/wp-content\/uploads\/2012\/11\/Transparent-nouveau-300x150.png\" alt=\"\" width=\"300\" height=\"150\" \/><\/p><p style=\"text-align: justify;\">\u00a0<\/p><\/div>","_et_gb_content_width":"","_exactmetrics_skip_tracking":false,"footnotes":""},"class_list":["post-1879","page","type-page","status-publish","hentry"],"yoast_head":"<!-- This site is optimized with the Yoast SEO plugin v26.6 - https:\/\/yoast.com\/wordpress\/plugins\/seo\/ -->\n<title>Les Vosges - Solaris-Universalis.com<\/title>\n<meta name=\"robots\" content=\"index, follow, max-snippet:-1, max-image-preview:large, max-video-preview:-1\" \/>\n<link rel=\"canonical\" href=\"https:\/\/landeco-preproduction.fr\/solaris-universalis.com\/formations-3\/les-vosges\/\" \/>\n<meta property=\"og:locale\" content=\"fr_FR\" \/>\n<meta property=\"og:type\" content=\"article\" \/>\n<meta property=\"og:title\" content=\"Les Vosges - Solaris-Universalis.com\" \/>\n<meta property=\"og:description\" content=\"\u00a0 NOUVEAU Cursus 2026-2030 * Francis Hoffmann et Clim\u00e8ne, enseignants certifi\u00e9s par Daniel Meurois et Marie Johanne Meurois-Croteau selon leur M\u00e9thode compl\u00e8te, proposent un nouveau cycle d&#039;enseignement de la Tradition th\u00e9rapeutique ess\u00e9nienne et \u00e9gyptienne*. Ce cycle de formation* se d\u00e9roule en 8 sessions r\u00e9parties sur trois ann\u00e9es et demi, \u00e0 raison de deux modules de [&hellip;]\" \/>\n<meta property=\"og:url\" content=\"https:\/\/landeco-preproduction.fr\/solaris-universalis.com\/formations-3\/les-vosges\/\" \/>\n<meta property=\"og:site_name\" content=\"Solaris-Universalis.com\" \/>\n<meta property=\"article:modified_time\" content=\"2025-11-15T15:11:49+00:00\" \/>\n<meta property=\"og:image\" content=\"https:\/\/landeco-preproduction.fr\/solaris-universalis.com\/wp-content\/uploads\/2012\/11\/DSC_0540_pp_Beautune_20171016-2_Beautune_20171016-1024x747.jpg\" \/>\n\t<meta property=\"og:image:width\" content=\"1024\" \/>\n\t<meta property=\"og:image:height\" content=\"747\" \/>\n\t<meta property=\"og:image:type\" content=\"image\/jpeg\" \/>\n<meta name=\"twitter:card\" content=\"summary_large_image\" \/>\n<meta name=\"twitter:label1\" content=\"Dur\u00e9e de lecture estim\u00e9e\" \/>\n\t<meta name=\"twitter:data1\" content=\"3 minutes\" \/>\n<script type=\"application\/ld+json\" class=\"yoast-schema-graph\">{\"@context\":\"https:\/\/schema.org\",\"@graph\":[{\"@type\":\"WebPage\",\"@id\":\"https:\/\/landeco-preproduction.fr\/solaris-universalis.com\/formations-3\/les-vosges\/\",\"url\":\"https:\/\/landeco-preproduction.fr\/solaris-universalis.com\/formations-3\/les-vosges\/\",\"name\":\"Les Vosges - Solaris-Universalis.com\",\"isPartOf\":{\"@id\":\"https:\/\/landeco-preproduction.fr\/solaris-universalis.com\/#website\"},\"primaryImageOfPage\":{\"@id\":\"https:\/\/landeco-preproduction.fr\/solaris-universalis.com\/formations-3\/les-vosges\/#primaryimage\"},\"image\":{\"@id\":\"https:\/\/landeco-preproduction.fr\/solaris-universalis.com\/formations-3\/les-vosges\/#primaryimage\"},\"thumbnailUrl\":\"https:\/\/landeco-preproduction.fr\/solaris-universalis.com\/wp-content\/uploads\/2012\/11\/DSC_0540_pp_Beautune_20171016-2_Beautune_20171016-1024x747.jpg\",\"datePublished\":\"2012-11-29T16:23:28+00:00\",\"dateModified\":\"2025-11-15T15:11:49+00:00\",\"breadcrumb\":{\"@id\":\"https:\/\/landeco-preproduction.fr\/solaris-universalis.com\/formations-3\/les-vosges\/#breadcrumb\"},\"inLanguage\":\"fr-FR\",\"potentialAction\":[{\"@type\":\"ReadAction\",\"target\":[\"https:\/\/landeco-preproduction.fr\/solaris-universalis.com\/formations-3\/les-vosges\/\"]}]},{\"@type\":\"ImageObject\",\"inLanguage\":\"fr-FR\",\"@id\":\"https:\/\/landeco-preproduction.fr\/solaris-universalis.com\/formations-3\/les-vosges\/#primaryimage\",\"url\":\"https:\/\/landeco-preproduction.fr\/solaris-universalis.com\/wp-content\/uploads\/2012\/11\/DSC_0540_pp_Beautune_20171016-2_Beautune_20171016.jpg\",\"contentUrl\":\"https:\/\/landeco-preproduction.fr\/solaris-universalis.com\/wp-content\/uploads\/2012\/11\/DSC_0540_pp_Beautune_20171016-2_Beautune_20171016.jpg\",\"width\":2951,\"height\":2153},{\"@type\":\"BreadcrumbList\",\"@id\":\"https:\/\/landeco-preproduction.fr\/solaris-universalis.com\/formations-3\/les-vosges\/#breadcrumb\",\"itemListElement\":[{\"@type\":\"ListItem\",\"position\":1,\"name\":\"Accueil\",\"item\":\"https:\/\/landeco-preproduction.fr\/solaris-universalis.com\/\"},{\"@type\":\"ListItem\",\"position\":2,\"name\":\"Les formations\",\"item\":\"https:\/\/landeco-preproduction.fr\/solaris-universalis.com\/formations-3\/\"},{\"@type\":\"ListItem\",\"position\":3,\"name\":\"Les Vosges\"}]},{\"@type\":\"WebSite\",\"@id\":\"https:\/\/landeco-preproduction.fr\/solaris-universalis.com\/#website\",\"url\":\"https:\/\/landeco-preproduction.fr\/solaris-universalis.com\/\",\"name\":\"Solaris-Universalis.com\",\"description\":\"Les soins ess\u00e9niens\",\"publisher\":{\"@id\":\"https:\/\/landeco-preproduction.fr\/solaris-universalis.com\/#organization\"},\"potentialAction\":[{\"@type\":\"SearchAction\",\"target\":{\"@type\":\"EntryPoint\",\"urlTemplate\":\"https:\/\/landeco-preproduction.fr\/solaris-universalis.com\/?s={search_term_string}\"},\"query-input\":{\"@type\":\"PropertyValueSpecification\",\"valueRequired\":true,\"valueName\":\"search_term_string\"}}],\"inLanguage\":\"fr-FR\"},{\"@type\":\"Organization\",\"@id\":\"https:\/\/landeco-preproduction.fr\/solaris-universalis.com\/#organization\",\"name\":\"Solaris-Universalis.com\",\"url\":\"https:\/\/landeco-preproduction.fr\/solaris-universalis.com\/\",\"logo\":{\"@type\":\"ImageObject\",\"inLanguage\":\"fr-FR\",\"@id\":\"https:\/\/landeco-preproduction.fr\/solaris-universalis.com\/#\/schema\/logo\/image\/\",\"url\":\"https:\/\/landeco-preproduction.fr\/solaris-universalis.com\/wp-content\/uploads\/2012\/09\/logo-soins-esseniens16.png\",\"contentUrl\":\"https:\/\/landeco-preproduction.fr\/solaris-universalis.com\/wp-content\/uploads\/2012\/09\/logo-soins-esseniens16.png\",\"width\":\"181\",\"height\":\"182\",\"caption\":\"Solaris-Universalis.com\"},\"image\":{\"@id\":\"https:\/\/landeco-preproduction.fr\/solaris-universalis.com\/#\/schema\/logo\/image\/\"}}]}<\/script>\n<!-- \/ Yoast SEO plugin. -->","yoast_head_json":{"title":"Les Vosges - Solaris-Universalis.com","robots":{"index":"index","follow":"follow","max-snippet":"max-snippet:-1","max-image-preview":"max-image-preview:large","max-video-preview":"max-video-preview:-1"},"canonical":"https:\/\/landeco-preproduction.fr\/solaris-universalis.com\/formations-3\/les-vosges\/","og_locale":"fr_FR","og_type":"article","og_title":"Les Vosges - Solaris-Universalis.com","og_description":"\u00a0 NOUVEAU Cursus 2026-2030 * Francis Hoffmann et Clim\u00e8ne, enseignants certifi\u00e9s par Daniel Meurois et Marie Johanne Meurois-Croteau selon leur M\u00e9thode compl\u00e8te, proposent un nouveau cycle d'enseignement de la Tradition th\u00e9rapeutique ess\u00e9nienne et \u00e9gyptienne*. Ce cycle de formation* se d\u00e9roule en 8 sessions r\u00e9parties sur trois ann\u00e9es et demi, \u00e0 raison de deux modules de [&hellip;]","og_url":"https:\/\/landeco-preproduction.fr\/solaris-universalis.com\/formations-3\/les-vosges\/","og_site_name":"Solaris-Universalis.com","article_modified_time":"2025-11-15T15:11:49+00:00","og_image":[{"width":1024,"height":747,"url":"https:\/\/landeco-preproduction.fr\/solaris-universalis.com\/wp-content\/uploads\/2012\/11\/DSC_0540_pp_Beautune_20171016-2_Beautune_20171016-1024x747.jpg","type":"image\/jpeg"}],"twitter_card":"summary_large_image","twitter_misc":{"Dur\u00e9e de lecture estim\u00e9e":"3 minutes"},"schema":{"@context":"https:\/\/schema.org","@graph":[{"@type":"WebPage","@id":"https:\/\/landeco-preproduction.fr\/solaris-universalis.com\/formations-3\/les-vosges\/","url":"https:\/\/landeco-preproduction.fr\/solaris-universalis.com\/formations-3\/les-vosges\/","name":"Les Vosges - Solaris-Universalis.com","isPartOf":{"@id":"https:\/\/landeco-preproduction.fr\/solaris-universalis.com\/#website"},"primaryImageOfPage":{"@id":"https:\/\/landeco-preproduction.fr\/solaris-universalis.com\/formations-3\/les-vosges\/#primaryimage"},"image":{"@id":"https:\/\/landeco-preproduction.fr\/solaris-universalis.com\/formations-3\/les-vosges\/#primaryimage"},"thumbnailUrl":"https:\/\/landeco-preproduction.fr\/solaris-universalis.com\/wp-content\/uploads\/2012\/11\/DSC_0540_pp_Beautune_20171016-2_Beautune_20171016-1024x747.jpg","datePublished":"2012-11-29T16:23:28+00:00","dateModified":"2025-11-15T15:11:49+00:00","breadcrumb":{"@id":"https:\/\/landeco-preproduction.fr\/solaris-universalis.com\/formations-3\/les-vosges\/#breadcrumb"},"inLanguage":"fr-FR","potentialAction":[{"@type":"ReadAction","target":["https:\/\/landeco-preproduction.fr\/solaris-universalis.com\/formations-3\/les-vosges\/"]}]},{"@type":"ImageObject","inLanguage":"fr-FR","@id":"https:\/\/landeco-preproduction.fr\/solaris-universalis.com\/formations-3\/les-vosges\/#primaryimage","url":"https:\/\/landeco-preproduction.fr\/solaris-universalis.com\/wp-content\/uploads\/2012\/11\/DSC_0540_pp_Beautune_20171016-2_Beautune_20171016.jpg","contentUrl":"https:\/\/landeco-preproduction.fr\/solaris-universalis.com\/wp-content\/uploads\/2012\/11\/DSC_0540_pp_Beautune_20171016-2_Beautune_20171016.jpg","width":2951,"height":2153},{"@type":"BreadcrumbList","@id":"https:\/\/landeco-preproduction.fr\/solaris-universalis.com\/formations-3\/les-vosges\/#breadcrumb","itemListElement":[{"@type":"ListItem","position":1,"name":"Accueil","item":"https:\/\/landeco-preproduction.fr\/solaris-universalis.com\/"},{"@type":"ListItem","position":2,"name":"Les formations","item":"https:\/\/landeco-preproduction.fr\/solaris-universalis.com\/formations-3\/"},{"@type":"ListItem","position":3,"name":"Les Vosges"}]},{"@type":"WebSite","@id":"https:\/\/landeco-preproduction.fr\/solaris-universalis.com\/#website","url":"https:\/\/landeco-preproduction.fr\/solaris-universalis.com\/","name":"Solaris-Universalis.com","description":"Les soins ess\u00e9niens","publisher":{"@id":"https:\/\/landeco-preproduction.fr\/solaris-universalis.com\/#organization"},"potentialAction":[{"@type":"SearchAction","target":{"@type":"EntryPoint","urlTemplate":"https:\/\/landeco-preproduction.fr\/solaris-universalis.com\/?s={search_term_string}"},"query-input":{"@type":"PropertyValueSpecification","valueRequired":true,"valueName":"search_term_string"}}],"inLanguage":"fr-FR"},{"@type":"Organization","@id":"https:\/\/landeco-preproduction.fr\/solaris-universalis.com\/#organization","name":"Solaris-Universalis.com","url":"https:\/\/landeco-preproduction.fr\/solaris-universalis.com\/","logo":{"@type":"ImageObject","inLanguage":"fr-FR","@id":"https:\/\/landeco-preproduction.fr\/solaris-universalis.com\/#\/schema\/logo\/image\/","url":"https:\/\/landeco-preproduction.fr\/solaris-universalis.com\/wp-content\/uploads\/2012\/09\/logo-soins-esseniens16.png","contentUrl":"https:\/\/landeco-preproduction.fr\/solaris-universalis.com\/wp-content\/uploads\/2012\/09\/logo-soins-esseniens16.png","width":"181","height":"182","caption":"Solaris-Universalis.com"},"image":{"@id":"https:\/\/landeco-preproduction.fr\/solaris-universalis.com\/#\/schema\/logo\/image\/"}}]}},"_links":{"self":[{"href":"https:\/\/landeco-preproduction.fr\/solaris-universalis.com\/wp-json\/wp\/v2\/pages\/1879","targetHints":{"allow":["GET"]}}],"collection":[{"href":"https:\/\/landeco-preproduction.fr\/solaris-universalis.com\/wp-json\/wp\/v2\/pages"}],"about":[{"href":"https:\/\/landeco-preproduction.fr\/solaris-universalis.com\/wp-json\/wp\/v2\/types\/page"}],"author":[{"embeddable":true,"href":"https:\/\/landeco-preproduction.fr\/solaris-universalis.com\/wp-json\/wp\/v2\/users\/116"}],"replies":[{"embeddable":true,"href":"https:\/\/landeco-preproduction.fr\/solaris-universalis.com\/wp-json\/wp\/v2\/comments?post=1879"}],"version-history":[{"count":189,"href":"https:\/\/landeco-preproduction.fr\/solaris-universalis.com\/wp-json\/wp\/v2\/pages\/1879\/revisions"}],"predecessor-version":[{"id":4152,"href":"https:\/\/landeco-preproduction.fr\/solaris-universalis.com\/wp-json\/wp\/v2\/pages\/1879\/revisions\/4152"}],"up":[{"embeddable":true,"href":"https:\/\/landeco-preproduction.fr\/solaris-universalis.com\/wp-json\/wp\/v2\/pages\/577"}],"wp:attachment":[{"href":"https:\/\/landeco-preproduction.fr\/solaris-universalis.com\/wp-json\/wp\/v2\/media?parent=1879"}],"curies":[{"name":"wp","href":"https:\/\/api.w.org\/{rel}","templated":true}]}}