{"id":3142,"date":"2026-07-29T09:52:34","date_gmt":"2026-07-29T07:52:34","guid":{"rendered":"https:\/\/landeco-preproduction.fr\/locationbrassenx.fr\/?post_type=product&#038;p=3142"},"modified":"2026-08-27T16:13:06","modified_gmt":"2026-08-27T14:13:06","slug":"location-camion-nacelle-18ma-morcenx-la-nouvelle-dans-les-landes","status":"publish","type":"product","link":"https:\/\/landeco-preproduction.fr\/locationbrassenx.fr\/produit\/location-camion-nacelle-18ma-morcenx-la-nouvelle-dans-les-landes\/","title":{"rendered":"Location CAMION NACELLE 18M<br \/>\u00e0 Morcenx la nouvelle dans les Landes"},"content":{"rendered":"","protected":false},"excerpt":{"rendered":"<div>Location du Brassenx \u00e0 Morcenx la Nouvelle dans les landes\u00a0vous propose \u00e0 la location ce\u00a0Camion Iveco VL avec nacelle t\u00e9lescopique 18 M.<\/div>\n<div><\/div>\n<div>Id\u00e9ale pour les travaux en hauteur, ce\u00a0CAMION NACELLE\u00a0port\u00e9e sur VL permet d\u2019\u00e9lever les personnes jusqu\u2019\u00e0 une hauteur de 18 m.<\/div>\n<div><\/div>\n<div>Engin polyvalent destin\u00e9 \u00e0 l\u2019ext\u00e9rieur, notre\u00a0camion nacelle 18m\u00a0se conduit avec un simple permis B et conviendra, par exemple, pour l\u2019entretien de vos v\u00e9g\u00e9taux (arbres, haies\u2026), la mise en place de d\u00e9corations ou enseignes, la pose de c\u00e2bles ou maintenance d&rsquo;\u00e9clairage public, le nettoyage de fa\u00e7ades &#8230;Parmi ses points forts, on notera le cot\u00e9 intuitif des commandes et les d\u00e9ports atteignables gr\u00e2ce aux patins avants t\u00e9lescopiques.<\/div>\n<div><\/div>\n<div>Le d\u00e9ploiement de la nacelle se fait uniquement avec stabilisateurs, ce qui garantit la s\u00e9curit\u00e9 des travailleurs.<\/div>\n<p>Hauteur de travail : 18m<br \/>\nCharge max :\u00a0\u00a0300 kg<br \/>\nD\u00e9port max :\u00a012 m<br \/>\nDimensions panier :\u00a01.40 m &#8211; 0,70 m<br \/>\nPoids : 3500 kg<br \/>\nDimensions transport (Lxlxh) : 7.50 m x 2.25 m x 3.03m<br \/>\nDimensions machine stabilis\u00e9e : 7.50m x 3.52 m<\/p>\n<p>&nbsp;<\/p>\n<div><strong><span class=\"entete3\">Tarifs de location TTC (hors assurance) :<br \/>\n<\/span><\/strong>Journ\u00e9e : 274\u20ac<br \/>\nWeek-end : 357\u20ac<\/div>\n<div><\/div>\n<div>\n<p>Pour vos travaux pr\u00e8s de Morcenx la Nouvelle dans les Landes, Location du Brassenx accompagne les particuliers et les professionnels.<\/p>\n<p>N\u2019h\u00e9sitez pas \u00e0 nous contacter pour toute demande de location.<\/p>\n<p>Nous pouvons \u00e9galement livrer sur votre chantier. Consultez notre rubrique <a href=\"https:\/\/landeco-preproduction.fr\/locationbrassenx.fr\/categorie-produit\/livraison-de-materiel-btp-et-jardinage-en-location-dans-les-landes\/\">SERVICE DE LIVRAISON<\/a><\/p>\n<\/div>\n","protected":false},"featured_media":3147,"template":"","meta":{"_acf_changed":false},"product_brand":[],"product_cat":[21],"product_tag":[],"class_list":["post-3142","product","type-product","status-publish","has-post-thumbnail","product_cat-materiel-elevation-a-louer-dans-les-landes","first","instock","shipping-taxable","product-type-simple"],"acf":[],"_links":{"self":[{"href":"https:\/\/landeco-preproduction.fr\/locationbrassenx.fr\/wp-json\/wp\/v2\/product\/3142","targetHints":{"allow":["GET"]}}],"collection":[{"href":"https:\/\/landeco-preproduction.fr\/locationbrassenx.fr\/wp-json\/wp\/v2\/product"}],"about":[{"href":"https:\/\/landeco-preproduction.fr\/locationbrassenx.fr\/wp-json\/wp\/v2\/types\/product"}],"version-history":[{"count":4,"href":"https:\/\/landeco-preproduction.fr\/locationbrassenx.fr\/wp-json\/wp\/v2\/product\/3142\/revisions"}],"predecessor-version":[{"id":3301,"href":"https:\/\/landeco-preproduction.fr\/locationbrassenx.fr\/wp-json\/wp\/v2\/product\/3142\/revisions\/3301"}],"wp:featuredmedia":[{"embeddable":true,"href":"https:\/\/landeco-preproduction.fr\/locationbrassenx.fr\/wp-json\/wp\/v2\/media\/3147"}],"wp:attachment":[{"href":"https:\/\/landeco-preproduction.fr\/locationbrassenx.fr\/wp-json\/wp\/v2\/media?parent=3142"}],"wp:term":[{"taxonomy":"product_brand","embeddable":true,"href":"https:\/\/landeco-preproduction.fr\/locationbrassenx.fr\/wp-json\/wp\/v2\/product_brand?post=3142"},{"taxonomy":"product_cat","embeddable":true,"href":"https:\/\/landeco-preproduction.fr\/locationbrassenx.fr\/wp-json\/wp\/v2\/product_cat?post=3142"},{"taxonomy":"product_tag","embeddable":true,"href":"https:\/\/landeco-preproduction.fr\/locationbrassenx.fr\/wp-json\/wp\/v2\/product_tag?post=3142"}],"curies":[{"name":"wp","href":"https:\/\/api.w.org\/{rel}","templated":true}]}}