{"id":251,"date":"2026-02-13T14:04:40","date_gmt":"2026-02-13T13:04:40","guid":{"rendered":"https:\/\/landeco-preproduction.fr\/locationbrassenx.fr\/?post_type=product&#038;p=251"},"modified":"2026-07-28T09:59:18","modified_gmt":"2026-07-28T07:59:18","slug":"location-fourgon-peugeot-expert-6m3-a-morcenx-la-nouvelle-dans-les-landes","status":"publish","type":"product","link":"https:\/\/landeco-preproduction.fr\/locationbrassenx.fr\/produit\/location-fourgon-peugeot-expert-6m3-a-morcenx-la-nouvelle-dans-les-landes\/","title":{"rendered":"Location FOURGON 6M3<br \/>\u00e0 Morcenx la Nouvelle dans les Landes"},"content":{"rendered":"","protected":false},"excerpt":{"rendered":"<p>La location du Brassenx, sp\u00e9cialiste de la location \u00e0 Morcenx la Nouvelle vous propose de d\u00e9couvrir ce fourgon utilitaire 6m3.<\/p>\n<p>Id\u00e9al pour les particuliers et les professionnels, ce camion utilitaire est \u00e0 la location dans notre agence.<\/p>\n<p>Le 6m3 est tr\u00e8s appr\u00e9ci\u00e9 pour le transports de cartons et d&rsquo;objets encombrants.<\/p>\n<p>Tr\u00e8s pratique aussi lors de vos d\u00e9m\u00e9nagements, il transportera vos meubles sans encombre et vous profiterez d&rsquo;un v\u00e9hicule confortable et fonctionnel.<\/p>\n<p>&nbsp;<\/p>\n<p>Avec de nombreuses options : climatisation, radar AR, navigation, attache remorque, charge utile 1.5 tonne<\/p>\n<p>Dimensions int\u00e9rieures :<\/p>\n<p>Longueur : 2.30 m<\/p>\n<p>Largeur : 1.20 m<\/p>\n<p>Hauteur : 1.20 cm<\/p>\n<p>Charge utile : 1415kg<\/p>\n<p>1 porte lat\u00e9rale coulissante + 1 porte arri\u00e8re double battant<\/p>\n<p>&nbsp;<\/p>\n<p>Location \u00e0 partir de 55\u20ac (hors assurance) la 1\/2 journ\u00e9e (en semaine) :\u00a050km inclus &#8211; 0,30\u20ac cts le km suppl\u00e9mentaire<\/p>\n<p>Le tarif d\u00e9pend de la dur\u00e9e de location et du nombre de kilom\u00e8tres que vous pensez parcourir.<\/p>\n<p>N&rsquo;h\u00e9sitez pas \u00e0 demander votre \u00e9tude personnalis\u00e9e en utilisant le formulaire de contact.<\/p>\n<p>Nous avons de nombreux v\u00e9hicules \u00e0 la location, aussi bien des utilitaires, mais aussi des voitures, voir m\u00eame des v\u00e9hicules sans permis. En fonction de vos envies, de vos besoins, nous aurons certainement l&rsquo;utilitaire qui vous correspond.<\/p>\n<p>&nbsp;<\/p>\n","protected":false},"featured_media":452,"template":"","meta":{"_acf_changed":false},"product_brand":[],"product_cat":[28,26],"product_tag":[],"class_list":["post-251","product","type-product","status-publish","has-post-thumbnail","product_cat-location-de-vehicules-utilitaires-dans-les-landes","product_cat-location-de-vehicules-utilitaires-et-tourisme-dans-les-landes","first","instock","shipping-taxable","product-type-simple"],"acf":[],"_links":{"self":[{"href":"https:\/\/landeco-preproduction.fr\/locationbrassenx.fr\/wp-json\/wp\/v2\/product\/251","targetHints":{"allow":["GET"]}}],"collection":[{"href":"https:\/\/landeco-preproduction.fr\/locationbrassenx.fr\/wp-json\/wp\/v2\/product"}],"about":[{"href":"https:\/\/landeco-preproduction.fr\/locationbrassenx.fr\/wp-json\/wp\/v2\/types\/product"}],"version-history":[{"count":5,"href":"https:\/\/landeco-preproduction.fr\/locationbrassenx.fr\/wp-json\/wp\/v2\/product\/251\/revisions"}],"predecessor-version":[{"id":3103,"href":"https:\/\/landeco-preproduction.fr\/locationbrassenx.fr\/wp-json\/wp\/v2\/product\/251\/revisions\/3103"}],"wp:featuredmedia":[{"embeddable":true,"href":"https:\/\/landeco-preproduction.fr\/locationbrassenx.fr\/wp-json\/wp\/v2\/media\/452"}],"wp:attachment":[{"href":"https:\/\/landeco-preproduction.fr\/locationbrassenx.fr\/wp-json\/wp\/v2\/media?parent=251"}],"wp:term":[{"taxonomy":"product_brand","embeddable":true,"href":"https:\/\/landeco-preproduction.fr\/locationbrassenx.fr\/wp-json\/wp\/v2\/product_brand?post=251"},{"taxonomy":"product_cat","embeddable":true,"href":"https:\/\/landeco-preproduction.fr\/locationbrassenx.fr\/wp-json\/wp\/v2\/product_cat?post=251"},{"taxonomy":"product_tag","embeddable":true,"href":"https:\/\/landeco-preproduction.fr\/locationbrassenx.fr\/wp-json\/wp\/v2\/product_tag?post=251"}],"curies":[{"name":"wp","href":"https:\/\/api.w.org\/{rel}","templated":true}]}}