{"id":249,"date":"2026-02-13T14:04:03","date_gmt":"2026-02-13T13:04:03","guid":{"rendered":"https:\/\/landeco-preproduction.fr\/locationbrassenx.fr\/?post_type=product&#038;p=249"},"modified":"2026-07-28T14:23:07","modified_gmt":"2026-07-28T12:23:07","slug":"location-camion-benne-a-morcenx-la-nouvelle-dans-les-landes","status":"publish","type":"product","link":"https:\/\/landeco-preproduction.fr\/locationbrassenx.fr\/produit\/location-camion-benne-a-morcenx-la-nouvelle-dans-les-landes\/","title":{"rendered":"Location CAMION BENNE<br \/>\u00e0 Morcenx la Nouvelle dans les Landes"},"content":{"rendered":"","protected":false},"excerpt":{"rendered":"<p>Vous cherchez un camion benne ? Un camion plateau ?<\/p>\n<p>Pour votre chantier dans les Landes, que vous soyez professionnel ou particulier, nous avons le camion qu&rsquo;il vous faut !<\/p>\n<p>D\u00e9couvrez nos camions benne :<\/p>\n<p>1 Peugeot Boxer avec coffre \u00e0 l&rsquo;arri\u00e8re de la cabine,<\/p>\n<p>1 Renault Master avec roues jumel\u00e9es \u00e0 l&rsquo;arri\u00e8re, et r\u00e9hausses grillag\u00e9es<\/p>\n<p>Nos tarifs sont tr\u00e8s attractifs gr\u00e2ce \u00e0 des forfaits \u00e9tudi\u00e9s pour la journ\u00e9e, pour une semaine ou pour un mois avec un d\u00e9part et retour dans votre agence Location du Brassenx \u00e0 Morcenx-la-Nouvelle.<\/p>\n<p>Caract\u00e9ristiques<\/p>\n<p>Benne basculante<\/p>\n<p>Ridelles escamotables et r\u00e9hausses grillag\u00e9es<\/p>\n<p>Boule et crochet d&rsquo;attelage<\/p>\n<p>Roues jumel\u00e9es<\/p>\n<p>Coffre de rangement outils<\/p>\n<p>Avec un PTAC de 7 tonnes, ces v\u00e9hicules sont particuli\u00e8rement bien adapt\u00e9s pour tracter un remorque porte engin ou porte voiture. Nous vous demanderons de pr\u00e9senter votre permis remorque et vous serez ainsi autonome pour partir avec une minipelle, transporter un v\u00e9hicule ou tout autre besoin du genre.<\/p>\n<p>Dimensions : 3.10 \/1.83<\/p>\n<p>Charge utile : jusqu&rsquo;\u00e0 1185 kg<\/p>\n<p>&nbsp;<\/p>\n<p>Location \u00e0 partir de 70\u20ac la 1\/2 journ\u00e9e en semaine (hors assurances) :\u00a050km inclus &#8211; 0,30\u20ac cts le km suppl\u00e9mentaire<\/p>\n<p>Le tarif d\u00e9pend de la dur\u00e9e de location et du nombre de kilom\u00e8tres que vous pensez parcourir.<\/p>\n<p>N&rsquo;h\u00e9sitez pas \u00e0 demander votre \u00e9tude personnalis\u00e9e en utilisant le formulaire de contact.<\/p>\n","protected":false},"featured_media":444,"template":"","meta":{"_acf_changed":false},"product_brand":[],"product_cat":[28,26],"product_tag":[],"class_list":["post-249","product","type-product","status-publish","has-post-thumbnail","product_cat-location-de-vehicules-utilitaires-dans-les-landes","product_cat-location-de-vehicules-utilitaires-et-tourisme-dans-les-landes","first","instock","shipping-taxable","product-type-simple"],"acf":[],"_links":{"self":[{"href":"https:\/\/landeco-preproduction.fr\/locationbrassenx.fr\/wp-json\/wp\/v2\/product\/249","targetHints":{"allow":["GET"]}}],"collection":[{"href":"https:\/\/landeco-preproduction.fr\/locationbrassenx.fr\/wp-json\/wp\/v2\/product"}],"about":[{"href":"https:\/\/landeco-preproduction.fr\/locationbrassenx.fr\/wp-json\/wp\/v2\/types\/product"}],"version-history":[{"count":7,"href":"https:\/\/landeco-preproduction.fr\/locationbrassenx.fr\/wp-json\/wp\/v2\/product\/249\/revisions"}],"predecessor-version":[{"id":3107,"href":"https:\/\/landeco-preproduction.fr\/locationbrassenx.fr\/wp-json\/wp\/v2\/product\/249\/revisions\/3107"}],"wp:featuredmedia":[{"embeddable":true,"href":"https:\/\/landeco-preproduction.fr\/locationbrassenx.fr\/wp-json\/wp\/v2\/media\/444"}],"wp:attachment":[{"href":"https:\/\/landeco-preproduction.fr\/locationbrassenx.fr\/wp-json\/wp\/v2\/media?parent=249"}],"wp:term":[{"taxonomy":"product_brand","embeddable":true,"href":"https:\/\/landeco-preproduction.fr\/locationbrassenx.fr\/wp-json\/wp\/v2\/product_brand?post=249"},{"taxonomy":"product_cat","embeddable":true,"href":"https:\/\/landeco-preproduction.fr\/locationbrassenx.fr\/wp-json\/wp\/v2\/product_cat?post=249"},{"taxonomy":"product_tag","embeddable":true,"href":"https:\/\/landeco-preproduction.fr\/locationbrassenx.fr\/wp-json\/wp\/v2\/product_tag?post=249"}],"curies":[{"name":"wp","href":"https:\/\/api.w.org\/{rel}","templated":true}]}}