{"id":150,"date":"2026-02-12T16:14:09","date_gmt":"2026-02-12T15:14:09","guid":{"rendered":"https:\/\/landeco-preproduction.fr\/locationbrassenx.fr\/?post_type=product&#038;p=150"},"modified":"2026-07-02T10:32:03","modified_gmt":"2026-07-02T08:32:03","slug":"location-mini-chargeur-elevateur-a-morcenx-la-nouvelle-dans-les-landes","status":"publish","type":"product","link":"https:\/\/landeco-preproduction.fr\/locationbrassenx.fr\/produit\/location-mini-chargeur-elevateur-a-morcenx-la-nouvelle-dans-les-landes\/","title":{"rendered":"Location MINI CHARGEUR \u00c9L\u00c9VATEUR<br \/>\u00e0 Morcenx la Nouvelle dans les Landes"},"content":{"rendered":"","protected":false},"excerpt":{"rendered":"<p>Location du Brassenx \u00e0 Morcenx la Nouvelle dans les Landes vous propose \u00e0 la location un mini chargeur \u00e9l\u00e9vateur t\u00e9lescopique Kramer 1245 ultra maniable, id\u00e9al pour reprendre, charger, transporter les mat\u00e9riaux.<\/p>\n<p>De grande polyvalence, il peut transporter jusqu&rsquo;\u00e0 1,2 tonnes.<\/p>\n<p>Hauteur de levage : 4.3m<\/p>\n<p>Ses dimensions compactes permettent d&rsquo;utiliser ce mini chargeur \u00e9l\u00e9vateur t\u00e9lescopique Kramer 1245 dans une multitude de domaines.<\/p>\n<p>Tr\u00e8s utilis\u00e9 comme engin de chantier, le mini chargeur \u00e9l\u00e9vateur t\u00e9lescopique Kramer 1245 est id\u00e9al pour atteindre les endroits o\u00f9 d&rsquo;autres engins de levage s&rsquo;av\u00e8rent inefficaces ou peu pratiques.<\/p>\n<p>Ses pneus lui permettent d&rsquo;\u00eatre utilis\u00e9 sur tout type de terrain.<\/p>\n<p>Notre mini chargeur Kramer 1245 peut vous \u00eatre fourni avec fourches, rallonges de fourches ou godet.<\/p>\n<p>&nbsp;<\/p>\n<p><strong>Tarifs de location (ttc) :<\/strong><\/p>\n<p>Journ\u00e9e : 200\u20ac<\/p>\n<p>Week-end : 260\u20ac<\/p>\n<p>&nbsp;<\/p>\n<p>Pour vos travaux dans le secteur de Morcenx la Nouvelle dans les Landes, Location du Brassenx accompagne les particuliers et les professionnels.<\/p>\n<p>N\u2019h\u00e9sitez pas \u00e0 nous contacter pour toute demande de location.<\/p>\n<p>Nous pouvons \u00e9galement livrer ce mini chariot \u00e9l\u00e9vateur sur votre chantier dans la r\u00e9gion de Morcenx la Nouvelle dans les Landes.<\/p>\n<p>Consultez notre rubrique SERVICE DE LIVRAISON<\/p>\n","protected":false},"featured_media":3085,"template":"","meta":{"_acf_changed":false},"product_brand":[],"product_cat":[21],"product_tag":[],"class_list":["post-150","product","type-product","status-publish","has-post-thumbnail","product_cat-materiel-elevation-a-louer-dans-les-landes","first","instock","shipping-taxable","product-type-simple"],"acf":[],"_links":{"self":[{"href":"https:\/\/landeco-preproduction.fr\/locationbrassenx.fr\/wp-json\/wp\/v2\/product\/150","targetHints":{"allow":["GET"]}}],"collection":[{"href":"https:\/\/landeco-preproduction.fr\/locationbrassenx.fr\/wp-json\/wp\/v2\/product"}],"about":[{"href":"https:\/\/landeco-preproduction.fr\/locationbrassenx.fr\/wp-json\/wp\/v2\/types\/product"}],"version-history":[{"count":5,"href":"https:\/\/landeco-preproduction.fr\/locationbrassenx.fr\/wp-json\/wp\/v2\/product\/150\/revisions"}],"predecessor-version":[{"id":3084,"href":"https:\/\/landeco-preproduction.fr\/locationbrassenx.fr\/wp-json\/wp\/v2\/product\/150\/revisions\/3084"}],"wp:featuredmedia":[{"embeddable":true,"href":"https:\/\/landeco-preproduction.fr\/locationbrassenx.fr\/wp-json\/wp\/v2\/media\/3085"}],"wp:attachment":[{"href":"https:\/\/landeco-preproduction.fr\/locationbrassenx.fr\/wp-json\/wp\/v2\/media?parent=150"}],"wp:term":[{"taxonomy":"product_brand","embeddable":true,"href":"https:\/\/landeco-preproduction.fr\/locationbrassenx.fr\/wp-json\/wp\/v2\/product_brand?post=150"},{"taxonomy":"product_cat","embeddable":true,"href":"https:\/\/landeco-preproduction.fr\/locationbrassenx.fr\/wp-json\/wp\/v2\/product_cat?post=150"},{"taxonomy":"product_tag","embeddable":true,"href":"https:\/\/landeco-preproduction.fr\/locationbrassenx.fr\/wp-json\/wp\/v2\/product_tag?post=150"}],"curies":[{"name":"wp","href":"https:\/\/api.w.org\/{rel}","templated":true}]}}