{"id":6889,"date":"2025-01-30T17:37:57","date_gmt":"2025-01-30T16:37:57","guid":{"rendered":"https:\/\/landeco-preproduction.fr\/colles-et-adh%C3%A9sifs.com\/?page_id=6889"},"modified":"2025-04-17T15:19:54","modified_gmt":"2025-04-17T13:19:54","slug":"protection-des-donnees","status":"publish","type":"page","link":"https:\/\/landeco-preproduction.fr\/colles-et-adh%C3%A9sifs.com\/protection-des-donnees\/","title":{"rendered":"Protection des donn\u00e9es"},"content":{"rendered":"\t\t<div data-elementor-type=\"wp-page\" data-elementor-id=\"6889\" class=\"elementor elementor-6889\" data-elementor-post-type=\"page\">\n\t\t\t\t<div class=\"wd-negative-gap elementor-element elementor-element-05eefc7 e-flex e-con-boxed e-con e-parent\" data-id=\"05eefc7\" data-element_type=\"container\">\n\t\t\t\t\t<div class=\"e-con-inner\">\n\t\t\t\t<div class=\"elementor-element elementor-element-e899255 elementor-widget elementor-widget-image\" data-id=\"e899255\" data-element_type=\"widget\" data-widget_type=\"image.default\">\n\t\t\t\t\t\t\t\t\t\t\t\t\t\t\t<img decoding=\"async\" width=\"1000\" height=\"1000\" src=\"https:\/\/landeco-preproduction.fr\/colles-et-adh%C3%A9sifs.com\/wp-content\/themes\/woodmart\/images\/lazy.svg\" class=\"attachment-large size-large wp-image-6907\" alt=\"\" srcset=\"\" sizes=\"(max-width: 1000px) 100vw, 1000px\" data-src=\"https:\/\/landeco-preproduction.fr\/colles-et-adh%C3%A9sifs.com\/wp-content\/uploads\/2025\/01\/logotransparent.png\" data-srcset=\"https:\/\/landeco-preproduction.fr\/colles-et-adh%C3%A9sifs.com\/wp-content\/uploads\/2025\/01\/logotransparent.png 1024w, https:\/\/landeco-preproduction.fr\/colles-et-adh%C3%A9sifs.com\/wp-content\/uploads\/2025\/01\/logotransparent-800x800.png 800w, https:\/\/landeco-preproduction.fr\/colles-et-adh%C3%A9sifs.com\/wp-content\/uploads\/2025\/01\/logotransparent-150x150.png 150w, https:\/\/landeco-preproduction.fr\/colles-et-adh%C3%A9sifs.com\/wp-content\/uploads\/2025\/01\/logotransparent-1000x1000.png 1000w, https:\/\/landeco-preproduction.fr\/colles-et-adh%C3%A9sifs.com\/wp-content\/uploads\/2025\/01\/logotransparent-300x300.png 300w, https:\/\/landeco-preproduction.fr\/colles-et-adh%C3%A9sifs.com\/wp-content\/uploads\/2025\/01\/logotransparent-768x768.png 768w, https:\/\/landeco-preproduction.fr\/colles-et-adh%C3%A9sifs.com\/wp-content\/uploads\/2025\/01\/logotransparent-96x96.png 96w\" title=\"\">\t\t\t\t\t\t\t\t\t\t\t\t\t\t\t<\/div>\n\t\t\t\t<div class=\"elementor-element elementor-element-23cea66 elementor-widget elementor-widget-heading\" data-id=\"23cea66\" data-element_type=\"widget\" data-widget_type=\"heading.default\">\n\t\t\t\t\t<h2 class=\"elementor-heading-title elementor-size-default\">Protection des donn\u00e9es personnelles<\/h2>\t\t\t\t<\/div>\n\t\t\t\t\t<\/div>\n\t\t\t\t<\/div>\n\t\t<div class=\"wd-negative-gap elementor-element elementor-element-efe67e6 e-flex e-con-boxed e-con e-parent\" data-id=\"efe67e6\" data-element_type=\"container\">\n\t\t\t\t\t<div class=\"e-con-inner\">\n\t\t\t\t<div class=\"elementor-element elementor-element-0c1f706 color-scheme-inherit text-left elementor-widget elementor-widget-text-editor\" data-id=\"0c1f706\" data-element_type=\"widget\" data-widget_type=\"text-editor.default\">\n\t\t\t\t\t\t\t\t\t<h4><span style=\"text-decoration: underline;\"><strong>I \u2013 Objectifs et champ d\u2019application<\/strong><\/span><\/h4><p>Les termes commen\u00e7ant par une majuscule utilis\u00e9s dans la pr\u00e9sente Politique de protection des Donn\u00e9es personnelles (ci-apr\u00e8s la \u00ab Politique \u00bb) sont d\u00e9finis dans l\u2019Annexe 1 \u00ab D\u00e9finitions \u00bb.<\/p><h4><strong>1. Objectifs de la Politique<\/strong><\/h4><p>https:\/\/landeco-preproduction.fr\/colles-et-adh%C3%A9sifs.com accorde la plus grande importance et le plus grand soin \u00e0 la protection de la vie priv\u00e9e et des Donn\u00e9es \u00e0 caract\u00e8re personnel ainsi qu\u2019au respect des dispositions l\u00e9gales en vigueur en la mati\u00e8re.<\/p><p>Cette Politique de protection de la vie priv\u00e9e (ci-apr\u00e8s la \u00ab Politique \u00bb) a pour objectif de fournir une information simple, claire et compl\u00e8te aux personnes (\u00ab vous \u00bb, \u00ab vos \u00bb, \u00ab votre \u00bb) sur les Traitements de Donn\u00e9es personnelles les concernant et mis en \u0153uvre par https:\/\/landeco-preproduction.fr\/colles-et-adh%C3%A9sifs.com en qualit\u00e9 de Responsable de traitement.<\/p><h4><strong>2. Champ d\u2019application<\/strong><\/h4><p>Cette Politique couvre les Traitements r\u00e9alis\u00e9s dans le cadre de\u00a0:<\/p><p>La gestion du site internet https:\/\/landeco-preproduction.fr\/colles-et-adh%C3%A9sifs.com et des demandes envoy\u00e9es \u00e0 partir des formulaires en ligne pr\u00e9sents sur ce site internet<br \/>L\u2019envoi de la lettre d\u2019information de https:\/\/landeco-preproduction.fr\/colles-et-adh%C3%A9sifs.com<br \/>La gestion des clients, prestataires et partenaires de https:\/\/landeco-preproduction.fr\/colles-et-adh%C3%A9sifs.com<\/p><p>Pour l\u2019ensemble de ces Traitements, https:\/\/landeco-preproduction.fr\/colles-et-adh%C3%A9sifs.com est la personne qui d\u00e9termine les moyens et les finalit\u00e9s et agit ainsi en qualit\u00e9 de Responsable de traitement au sens de la r\u00e9glementation applicable en mati\u00e8re de protection des donn\u00e9es personnelles et notamment du R\u00e8glement UE 2016\/679 relatif \u00e0 la protection des personnes physiques \u00e0 l\u2019\u00e9gard du Traitement des Donn\u00e9es \u00e0 caract\u00e8re personnel et \u00e0 la libre circulation de ces Donn\u00e9es (ci-apr\u00e8s \u00ab RGPD \u00bb).<\/p><p>Dans cette Politique, \u00ab\u00a0https:\/\/landeco-preproduction.fr\/colles-et-adh%C3%A9sifs.com \u00bb, \u00ab nous \u00bb, \u00ab notre \u00bb et \u00ab nos \u00bb font r\u00e9f\u00e9rence \u00e0 :<\/p><p>https:\/\/landeco-preproduction.fr\/colles-et-adh%C3%A9sifs.com, la soci\u00e9t\u00e9 Landeco, dont le si\u00e8ge est situ\u00e9 au ZA Des 2 Pins &#8211;\u00a0 chemin du Mignon &#8211; 2 rue de Barrasquit 40130 Capbreton, immatricul\u00e9e au RCS de Dax sous le num\u00e9ro 841 039 928 00038 et repr\u00e9sent\u00e9e par S\u00e9bastien MURATET.<\/p><p>Vous pouvez trouver l\u2019ensemble des informations relatives \u00e0 la soci\u00e9t\u00e9 Landeco sur la page mentions l\u00e9gales.<\/p><p>Dans le cadre des activit\u00e9s https:\/\/landeco-preproduction.fr\/colles-et-adh%C3%A9sifs.com agit en tant que Sous-traitant au sens du RGPD et sur les seules instructions des clients, lesquels agissent en qualit\u00e9 de Responsables de traitement.<\/p><h4><span style=\"text-decoration: underline;\"><strong>II \u2013 G\u00e9n\u00e9ralit\u00e9s applicables \u00e0 l\u2019ensemble des traitements mis en \u0153uvre par https:\/\/landeco-preproduction.fr\/colles-et-adh%C3%A9sifs.com<\/strong><\/span><\/h4><p>https:\/\/landeco-preproduction.fr\/colles-et-adh%C3%A9sifs.com veille pour chaque Traitement au respect des principes fondamentaux en mati\u00e8re de protection des Donn\u00e9es personnelles. Cette section vous informe sur les g\u00e9n\u00e9ralit\u00e9s applicables \u00e0 l\u2019ensemble des Traitements couverts par cette Politique. La section II d\u00e9taille, pour chaque Traitement, les conditions et modalit\u00e9s sp\u00e9cifiques de mise en \u0153uvre du Traitement.<\/p><h4><strong>1. Minimisation des donn\u00e9es collect\u00e9es<\/strong><\/h4><p>Chaque formulaire pr\u00e9sent sur le site limite la collecte des Donn\u00e9es personnelles au strict n\u00e9cessaire et indique le(s) objectif(s) du recueil de ces Donn\u00e9es ainsi que le(s) Destinataire(s) des Donn\u00e9es.<\/p><p>Les Donn\u00e9es indispensables \u00e0 la gestion de votre demande sont signal\u00e9es par un ast\u00e9risque sur chaque formulaire. Si vous ne renseignez pas ces champs obligatoires, https:\/\/landeco-preproduction.fr\/colles-et-adh%C3%A9sifs.com ne pourra pas r\u00e9pondre \u00e0 vos demandes et\/ou vous fournir les services demand\u00e9s. Les autres informations ont un caract\u00e8re facultatif et nous permettent de mieux g\u00e9rer votre demande et d\u2019am\u00e9liorer nos communications et services \u00e0 votre \u00e9gard.<\/p><p>A des fins de minimisation et dans la mesure o\u00f9 les activit\u00e9s de https:\/\/landeco-preproduction.fr\/colles-et-adh%C3%A9sifs.com sont propos\u00e9es aux particuliers et aux professionnels, les formulaires du site internet de https:\/\/landeco-preproduction.fr\/colles-et-adh%C3%A9sifs.com ont \u00e9t\u00e9 param\u00e9tr\u00e9s pour accepter les adresses email personnelles et professionnelles.<\/p><h4><strong>2. Partage de vos donn\u00e9es avec des Tiers et Transfert de vos donn\u00e9es hors de l\u2019Union europ\u00e9enne<\/strong><\/h4><p>Nous ne partageons jamais vos Donn\u00e9es personnelles avec d\u2019autres entreprises \u00e0 des fins de prospection commerciale.<\/p><p>Chaque section d\u00e9di\u00e9e \u00e0 un Traitement d\u00e9taille les Destinataires internes ayant vocation \u00e0 acc\u00e9der et traiter les Donn\u00e9es concern\u00e9es. Les Donn\u00e9es peuvent \u00e9ventuellement \u00eatre transmises \u00e0 des prestataires de services techniques choisis pour leur expertise et leur fiabilit\u00e9 qui agissent en notre nom et selon nos instructions (Sous-traitant informatique, h\u00e9bergeur de nos serveurs, etc.).<\/p><p>Nous n\u2019autorisons ces prestataires \u00e0 utiliser vos Donn\u00e9es personnelles que dans la mesure o\u00f9 cela s\u2019av\u00e8re n\u00e9cessaire pour rendre des services en notre nom ou pour respecter des exigences l\u00e9gales et nous nous effor\u00e7ons de veiller \u00e0 ce que vos Donn\u00e9es personnelles soient prot\u00e9g\u00e9es en permanence.<\/p><p>https:\/\/landeco-preproduction.fr\/colles-et-adh%C3%A9sifs.com pourra \u00e9galement \u00eatre amen\u00e9e \u00e0 communiquer \u00e0 des Tiers vos Donn\u00e9es lorsqu\u2019une telle communication est requise par la loi, une disposition r\u00e9glementaire ou une d\u00e9cision judiciaire, ou si cette communication est n\u00e9cessaire pour assurer la protection et la d\u00e9fense de nos droits.<\/p><p>Tous ces Tiers peuvent provenir de pays faisant ou non partie de l\u2019Union europ\u00e9enne (\u00ab UE \u00bb), notamment de pays qui n\u2019offrent pas le m\u00eame degr\u00e9 de protection des donn\u00e9es que votre pays de r\u00e9sidence.<\/p><p>Dans un tel cas, les Donn\u00e9es que nous recueillons lorsque vous utilisez notre plateforme ou dans le cadre de nos services sont transf\u00e9r\u00e9es dans d\u2019autres pays. C\u2019est par exemple le cas si certains de nos prestataires sont situ\u00e9s en dehors de l\u2019Espace \u00c9conomique Europ\u00e9en.<\/p><p>En cas de Transfert de ce type, nous garantissons que celui-ci est effectu\u00e9\u00a0:<\/p><p>Vers un pays assurant un niveau de protection ad\u00e9quat, c\u2019est-\u00e0-dire un niveau de protection \u00e9quivalent \u00e0 ce que les R\u00e9glementations europ\u00e9ennes exigent\u00a0;<br \/>Dans le cadre de clauses contractuelles types\u00a0;<br \/>Dans le cadre de r\u00e8gles internes d\u2019entreprise.<\/p><h4><strong>3. S\u00e9curit\u00e9 de vos donn\u00e9es<\/strong><\/h4><p>https:\/\/landeco-preproduction.fr\/colles-et-adh%C3%A9sifs.com s\u2019engage \u00e0 prot\u00e9ger vos Donn\u00e9es personnelles contre toute perte, destruction, l\u2019alt\u00e9ration, acc\u00e8s ou divulgation non autoris\u00e9e. Pour cela, https:\/\/landeco-preproduction.fr\/colles-et-adh%C3%A9sifs.com met en \u0153uvre des mesures techniques et organisationnelles appropri\u00e9es, au regard de la nature des Donn\u00e9es et des risques que leur Traitement comporte, pour pr\u00e9server la s\u00e9curit\u00e9 et la confidentialit\u00e9 de vos Donn\u00e9es personnelles et, notamment, pour emp\u00eacher qu\u2019elles soient d\u00e9form\u00e9es, endommag\u00e9es, ou que des Tiers non autoris\u00e9s y aient acc\u00e8s.<\/p><p>Ces mesures peuvent notamment comprendre des pratiques telles qu\u2019un acc\u00e8s limit\u00e9 aux Donn\u00e9es par le personnel des services habilit\u00e9s \u00e0 y acc\u00e9der en raison de leurs fonctions, des garanties contractuelles en cas de recours \u00e0 un prestataire externe, des \u00e9tudes d\u2019impact sur la vie priv\u00e9e, des examens r\u00e9guliers de nos pratiques et Politiques de respect de la vie priv\u00e9e et\/ou des mesures de s\u00e9curit\u00e9 physiques et\/ou logiques (acc\u00e8s s\u00e9curis\u00e9, proc\u00e9d\u00e9 d\u2019authentification, copies de sauvegarde, logiciel antivirus, pare-feu, etc.).<\/p><h4><strong>4. Donn\u00e9es concernant des mineurs<\/strong><\/h4><p>Les services et \u00e9v\u00e8nements de https:\/\/landeco-preproduction.fr\/colles-et-adh%C3%A9sifs.com ne sont pas destin\u00e9s aux mineurs. Aussi, nous ne collectons ni ne traitons en connaissance de cause des Donn\u00e9es personnelles relatives \u00e0 des mineurs. Dans l\u2019hypoth\u00e8se o\u00f9 nous aurions connaissance de la collecte de Donn\u00e9es personnelles de mineurs sans l\u2019autorisation pr\u00e9alable du titulaire de la responsabilit\u00e9 parentale, nous prendrions les mesures appropri\u00e9es afin de supprimer ces Donn\u00e9es personnelles de nos serveurs et\/ou de ceux de nos prestataires.<\/p><h4><span style=\"text-decoration: underline;\"><strong>III \u2013 Traitements mis en \u0153uvre par https:\/\/landeco-preproduction.fr\/colles-et-adh%C3%A9sifs.com<\/strong><\/span><\/h4><h4><strong>1. La gestion du site internet de https:\/\/landeco-preproduction.fr\/colles-et-adh%C3%A9sifs.com et des demandes envoy\u00e9es \u00e0 partir des formulaires en ligne<\/strong><\/h4><p>Lorsque vous naviguez sur le site de https:\/\/landeco-preproduction.fr\/colles-et-adh%C3%A9sifs.com, vous pouvez \u00eatre amen\u00e9(e) \u00e0\u00a0:<\/p><p>Formuler une demande<\/p><p>Dans le cadre de cette activit\u00e9, et sur la base de votre Consentement que vous manifestez lorsque vous renseignez le formulaire, https:\/\/landeco-preproduction.fr\/colles-et-adh%C3%A9sifs.com traite et conserve les Donn\u00e9es personnelles vous concernant suivantes\u00a0:<\/p><p>pour r\u00e9pondre \u00e0 votre demande de contact\u00a0: les informations fournies sur le formulaire \u00e0 savoir votre identit\u00e9, vos coordonn\u00e9es de contact professionnel ou personnel (cf. minimisation des donn\u00e9es) et, le cas \u00e9ch\u00e9ant le contenu du message, ainsi que toute information communiqu\u00e9e ult\u00e9rieurement lors de nos \u00e9changes. Ces Donn\u00e9es sont trait\u00e9es par le service concern\u00e9 par votre demande le temps n\u00e9cessaire pour vous r\u00e9pondre\u00a0;<\/p><p>En fonction de votre demande et de la teneur de nos \u00e9changes, les Donn\u00e9es ainsi collect\u00e9es sont susceptibles d\u2019\u00eatre utilis\u00e9es pour d\u2019autres finalit\u00e9s telles que la gestion d\u2019une demande de devis; ces Traitements sont alors soumis aux conditions et modalit\u00e9s y aff\u00e9rent.<\/p><p>Nous vous indiquons \u00e9galement que nous faisons des statistiques anonymes sur la fr\u00e9quentation du site internet de https:\/\/landeco-preproduction.fr\/colles-et-adh%C3%A9sifs.com, lesquels ne nous permettent pas de vous identifier.<\/p><h4><strong>2. Traitement(s) r\u00e9alis\u00e9(s) \u00e0 des fins de promotion des services et \u00e9v\u00e8nements de https:\/\/landeco-preproduction.fr\/colles-et-adh%C3%A9sifs.com<\/strong><\/h4><p>https:\/\/landeco-preproduction.fr\/colles-et-adh%C3%A9sifs.com collecte et utilise les Donn\u00e9es d\u2019identification et les coordonn\u00e9es personnelles des personnes r\u00e9f\u00e9rentes chez les prospects et clients, en ce inclus les Donn\u00e9es publiques disponibles sur internet, \u00e0 des fins de promotion des services et \u00e9v\u00e8nements de https:\/\/landeco-preproduction.fr\/colles-et-adh%C3%A9sifs.com.<\/p><p>Ce Traitement est fond\u00e9 sur l\u2019int\u00e9r\u00eat l\u00e9gitime de https:\/\/landeco-preproduction.fr\/colles-et-adh%C3%A9sifs.com \u00e0 promouvoir ses activit\u00e9s aupr\u00e8s de profils susceptibles d\u2019\u00eatre int\u00e9ress\u00e9s par les services et produits de https:\/\/landeco-preproduction.fr\/colles-et-adh%C3%A9sifs.com. Vous pouvez vous opposer \u00e0 recevoir notre lettre d\u2019information \u00e0 tout moment et sans justification, en cliquant ici ou sur le lien de d\u00e9sabonnement int\u00e9gr\u00e9 dans le mail ou en signalant votre opposition directement au DPO via les moyens de contact identifi\u00e9s dans la section III.<\/p><p>Les Donn\u00e9es sont trait\u00e9es et conserv\u00e9es \u00e0 cette fin par le service commercial de https:\/\/landeco-preproduction.fr\/colles-et-adh%C3%A9sifs.com, sous r\u00e9serve d\u2019une demande de d\u00e9sabonnement\u00a0:<\/p><p>pour les prospects\u00a0: pendant 3 ans \u00e0 compter du dernier contact<br \/>pour les clients\u00a0: le temps de la relation commerciale puis pendant 3 ans \u00e0 compter de la fin de la relation commerciale<\/p><p>En cas de collecte indirecte de vos donn\u00e9es \u00e0 des fins de communication marketing, notamment de Donn\u00e9es publiques sur internet, https:\/\/landeco-preproduction.fr\/colles-et-adh%C3%A9sifs.com veillera \u00e0 vous informer d\u00e8s la premi\u00e8re communication, et en tout \u00e9tat de cause dans le mois suivant la collecte des Donn\u00e9es, de l\u2019utilisation pr\u00e9vue et de votre possibilit\u00e9 de vous opposer au traitement de vos Donn\u00e9es \u00e0 des fins commerciales.<\/p><h4><strong>3. Traitement(s) r\u00e9alis\u00e9(s) \u00e0 des fins de gestion des prospects, clients, prestataires et partenaires<\/strong><\/h4><p>https:\/\/landeco-preproduction.fr\/colles-et-adh%C3%A9sifs.com est \u00e9galement amen\u00e9e \u00e0 traiter des Donn\u00e9es personnelles vous concernant lorsque\u00a0:<\/p><p>vous faites une demande de devis pour des prestations, via le formulaire en ligne sur le site ou directement par t\u00e9l\u00e9phone aupr\u00e8s du service commercial\u00a0;<br \/>votre soci\u00e9t\u00e9 conclut un contrat avec https:\/\/landeco-preproduction.fr\/colles-et-adh%C3%A9sifs.com en qualit\u00e9 de client, prestataire ou partenaire.<\/p><p>Dans ce contexte, https:\/\/landeco-preproduction.fr\/colles-et-adh%C3%A9sifs.com va collecter des informations relatives\u00a0:<\/p><p>au(x) contact(s) indiqu\u00e9(s) \u00e0 https:\/\/landeco-preproduction.fr\/colles-et-adh%C3%A9sifs.com tel(s) que le contact indiqu\u00e9 sur le formulaire, le r\u00e9f\u00e9rent principal pour le contrat, le contact pour la facturation et tout autre personne contact : nom, pr\u00e9nom, adresse email, t\u00e9l\u00e9phone, et toute les informations contenues dans les \u00e9changes (nature de la demande, etc.)\u00a0;<br \/>au(x) signataire(s) du contrat\u00a0: nom, pr\u00e9nom, signature.<\/p><p>Ces Donn\u00e9es sont destin\u00e9es, en tant que de besoin, aux collaborateurs en charge du suivi de la relation commerciale et\/ou du partenariat, de la comptabilit\u00e9\/facturation et aux collaborateurs des services impliqu\u00e9s par la demande\/le contrat.<\/p><p>Elles sont collect\u00e9es et conserv\u00e9es\u00a0:<\/p><p>pour les demandes de devis\u00a0n\u2019aboutissant pas\u00a0: le temps n\u00e9cessaire \u00e0 l\u2019\u00e9tude et au suivi de la demande + une (1) ann\u00e9e apr\u00e8s la cl\u00f4ture de la demande (ou du dernier contact le cas \u00e9ch\u00e9ant)\u00a0;<br \/>pour les contrats\u00a0et afin d\u2019ex\u00e9cuter le contrat\u00a0: la dur\u00e9e de la relation contractuelle\u00a0;<br \/>aux fins de r\u00e9pondre \u00e0 notre int\u00e9r\u00eat l\u00e9gitime d\u2019assurer la protection et les d\u00e9fenses de nos droits en cas de contentieux, pendant cinq (5) ann\u00e9es suivant la fin de la relation contractuelle.<\/p><p>Vos coordonn\u00e9es de contact sont \u00e9galement susceptibles d\u2019\u00eatre utilis\u00e9es afin de vous envoyer la Lettre d\u2019information de https:\/\/landeco-preproduction.fr\/colles-et-adh%C3%A9sifs.com sur les services et \u00e9v\u00e8nements de https:\/\/landeco-preproduction.fr\/colles-et-adh%C3%A9sifs.com. Pour plus d\u2019informations, nous vous invitons \u00e0 consulter la section B. \u00ab\u00a0Traitement(s) r\u00e9alis\u00e9(s) \u00e0 des fins de promotion des services et \u00e9v\u00e8nements de https:\/\/landeco-preproduction.fr\/colles-et-adh%C3%A9sifs.com\u00a0\u00bb.<\/p><h4><span style=\"text-decoration: underline;\"><strong>IV \u2013 Exercice de vos droits et modalit\u00e9s de contact de notre D\u00e9l\u00e9gu\u00e9 \u00e0 la protection des donn\u00e9es<\/strong><\/span><\/h4><p>Conform\u00e9ment \u00e0 la r\u00e8glementation en vigueur, vous disposez d\u2019un\u00a0droit d\u2019acc\u00e8s et de rectification\u00a0de vos Donn\u00e9es personnelles ainsi que de celui d\u2019en demander l\u2019effacement\u00a0(droit \u00e0 l\u2019oubli), le droit de vous\u00a0opposer \u00e0 leur Traitement\u00a0et d\u2019en\u00a0obtenir la limitation ou la portabilit\u00e9\u00a0dans la mesure o\u00f9 cela est applicable, sous r\u00e9serve des motifs l\u00e9gitimes imp\u00e9rieux dont pourrait justifier https:\/\/landeco-preproduction.fr\/colles-et-adh%C3%A9sifs.com pour conserver vos Donn\u00e9es.<\/p><p>S\u2019agissant des Donn\u00e9es personnelles relatives \u00e0 votre candidature, nous vous invitons \u00e0 maintenir \u00e0 jour les informations vous concernant par notification \u00e0 https:\/\/landeco-preproduction.fr\/colles-et-adh%C3%A9sifs.com.<\/p><p>Par ailleurs, vous pouvez, \u00e0 tout moment et sans justification, demander \u00e0 ne plus recevoir notre lettre d\u2019information et, plus g\u00e9n\u00e9ralement, les communications relatives \u00e0 nos services, actualit\u00e9s et \u00e9v\u00e8nements en utilisant le lien hypertexte pr\u00e9vu \u00e0 cet effet dans chaque email que nous vous adressons.<\/p><p>Lorsque vous exercez vos droits, notre D\u00e9l\u00e9gu\u00e9 \u00e0 la protection des donn\u00e9es traite vos Donn\u00e9es personnelles \u00e0 des fins de gestion de votre demande (civilit\u00e9, nom, pr\u00e9nom, copie de la pi\u00e8ce d\u2019identit\u00e9, nature de la demande, r\u00e9ponse apport\u00e9e). Ces Donn\u00e9es sont conserv\u00e9es pendant une dur\u00e9e de trois (3) ans, \u00e0 l\u2019exception de la copie de votre pi\u00e8ce d\u2019identit\u00e9, laquelle est conserv\u00e9e un (1) an.<\/p><p>Vous pouvez exercer ces droits ou poser toute question relative \u00e0 la gestion de vos donn\u00e9es personnelles par https:\/\/landeco-preproduction.fr\/colles-et-adh%C3%A9sifs.com en vous adressant \u00e0 :<\/p><p>Par email \u00e0 l\u2019adresse suivante : contact@landeco-preproduction.fr <br \/>Par courrier \u00e0 l\u2019adresse suivante\u00a0:<\/p><p>SAS Landeco &#8211; Abracadaboite.com<br \/>A l\u2019attention du D\u00e9l\u00e9gu\u00e9 \u00e0 la protection des donn\u00e9es (DPO)<br \/>ZA des 2 Pins &#8211; 2 Rue de Barrasquit <br \/>40130 Capbreton<\/p><p>En cas de doute raisonnable sur l\u2019identit\u00e9 du demandeur, un justificatif d\u2019identit\u00e9 pourra le cas \u00e9ch\u00e9ant \u00eatre demand\u00e9.<\/p><p>Vous disposez \u00e9galement du droit de saisir la Commission Nationale de l\u2019Informatique et des Libert\u00e9s (CNIL), 3 Place de Fontenoy \u2013 TSA 80715 \u2013 75334 PARIS CEDEX 07, de toute r\u00e9clamation se rapportant \u00e0 la mani\u00e8re dont https:\/\/landeco-preproduction.fr\/colles-et-adh%C3%A9sifs.com collecte et traite vos donn\u00e9es.<\/p><h4><strong>V \u2013 Information sur la gestion des cookies<\/strong><\/h4><p>Notre site web\u00a0https:\/\/landeco-preproduction.fr\/colles-et-adh%C3%A9sifs.com utilise des cookies.<\/p><p>Un \u00ab\u00a0cookie \u00bb est un petit fichier texte qui peut \u00eatre enregistr\u00e9 dans un espace d\u00e9di\u00e9 du disque dur de votre terminal (ordinateur, tablette, smartphone, etc.) lorsque vous consultez un site internet et il sera d\u00e9pos\u00e9 sur la page de navigation d\u00e8s la premi\u00e8re connexion. Un cookie permet \u00e0 son \u00e9metteur (nous ou nos fournisseurs de mesure d\u2019audience) d\u2019identifier et de reconna\u00eetre le terminal sur lequel il est enregistr\u00e9, pendant toute la dur\u00e9e de validit\u00e9 ou d\u2019enregistrement du cookie (13 mois maximum).<\/p><p>Notre site utilise 3 types de cookies\u00a0:<\/p><p>Cookies internes n\u00e9cessaires au fonctionnement du site internet : ces cookies permettent au site internet de fonctionner de mani\u00e8re optimale. Ils vous permettent de naviguer d\u2019une page \u00e0 une autre. Leur d\u00e9p\u00f4t est fonctionnel et indispensable \u00e0 l\u2019optimisation totale du site internet. Vous ne pouvez pas vous y opposer.<br \/>Cookies pour mesurer l\u2019audience\u00a0: afin d\u2019adapter le site internet aux demandes des visiteurs, nous mesurons le trafic sur notre site, de mani\u00e8re anonyme, via une solution analytique. Cette solution mesure le nombre de visiteurs uniques, le nombre de pages vues, le pays d\u2019origine de la connexion au site internet, le service d\u2019acc\u00e8s (en direct, via un moteur de recherche ou un r\u00e9seau social), le type d\u2019appareil utilis\u00e9 (ordinateur, mobile ou tablette), les articles les plus consult\u00e9s et partag\u00e9s ainsi que l\u2019heure et la date de fr\u00e9quentation. Vous pouvez vous opposer \u00e0 ces cookies par le biais de notre banni\u00e8re cookies lors de votre premi\u00e8re visite ou en cliquant sur \u00ab\u00a0r\u00e9voquer les cookies pr\u00e9c\u00e9demment accept\u00e9s\u00a0\u00bb au bas de votre navigateur.<br \/>Cookies de publicit\u00e9\u00a0: nos r\u00e9seaux sociaux sont susceptibles de d\u00e9poser des cookies dans votre navigateur afin de vous permettre de naviguer depuis ces r\u00e9seaux vers notre site internet. Vous pouvez vous opposer \u00e0 ces cookies par le biais de notre banni\u00e8re cookies lors de votre premi\u00e8re visite ou en cliquant sur \u00ab\u00a0r\u00e9voquer les cookies pr\u00e9c\u00e9demment accept\u00e9s\u00a0\u00bb au bas de votre navigateur.<\/p><p>Nous n\u2019utilisons pas de cookies \u00e0 des fins commerciales tels que le reciblage.<\/p><p>Le param\u00e9trage des cookies peut se faire directement via votre navigateur internet et permet, selon le type de navigateur utilis\u00e9, de refuser syst\u00e9matiquement les cookies lors de la navigation ou leur autorisation au cas par cas. Pour en savoir plus sur la configuration \u00e0 suivre, consultez la page d\u00e9di\u00e9e sur le site de la CNIL (https:\/\/www.cnil.fr\/fr\/cookies-les-outils-pour-les-maitriser).<\/p><h4><strong>1. Liens vers des sites internet Tiers<\/strong><\/h4><p>Le site internet de https:\/\/landeco-preproduction.fr\/colles-et-adh%C3%A9sifs.com peut contenir des liens vers des plateformes de m\u00e9dias sociaux g\u00e9r\u00e9s par des personnes ou organisations sur lesquels la soci\u00e9t\u00e9 n\u2019a aucun contr\u00f4le.<\/p><p>A ce titre, https:\/\/landeco-preproduction.fr\/colles-et-adh%C3%A9sifs.com ne peut en aucun cas \u00eatre tenue pour responsable de la fa\u00e7on dont vos Donn\u00e9es seront stock\u00e9es ou utilis\u00e9es sur les serveurs de Tiers. Nous vous conseillons de prendre connaissance de la Politique applicable en mati\u00e8re de protection des Donn\u00e9es personnelles de chaque site internet Tiers auquel vous acc\u00e9derez via notre site internet afin d\u2019appr\u00e9cier la mani\u00e8re dont seront utilis\u00e9es vos Donn\u00e9es personnelles.<\/p><h4><span style=\"text-decoration: underline;\"><strong>VI \u2013 Modifications de la pr\u00e9sente Politique<\/strong><\/span><\/h4><p>https:\/\/landeco-preproduction.fr\/colles-et-adh%C3%A9sifs.com est susceptible de modifier la Politique de protection des Donn\u00e9es en tant que de besoin. Nous veillerons \u00e0 ce que vous soyez inform\u00e9s de ces modifications soit par une mention sp\u00e9ciale sur notre site internet, soit par un avertissement personnalis\u00e9 notamment dans le cadre de nos envois de lettres d\u2019information.<\/p><p>Annexe 1\u00a0: d\u00e9finitions<\/p><p>Consentement\u00a0: toute manifestation de volont\u00e9, libre, sp\u00e9cifique, \u00e9clair\u00e9e et univoque par laquelle la Personne concern\u00e9e accepte, par une d\u00e9claration ou par un acte positif clair, que des Donn\u00e9es \u00e0 caract\u00e8re personnel la concernant fassent l\u2019objet d\u2019un Traitement.<\/p><p>D\u00e9l\u00e9gu\u00e9 \u00e0 la protection des donn\u00e9es (ou \u00ab\u00a0DPO\u00a0\u00bb) : personne d\u00e9sign\u00e9e par https:\/\/landeco-preproduction.fr\/colles-et-adh%C3%A9sifs.com en charge de la protection des Donn\u00e9es personnelles au sein de https:\/\/landeco-preproduction.fr\/colles-et-adh%C3%A9sifs.com et de la conformit\u00e9 de https:\/\/landeco-preproduction.fr\/colles-et-adh%C3%A9sifs.com \u00e0 la l\u00e9gislation applicable.<\/p><p>Destinataire\u00a0: personne physique ou morale, l\u2019Autorit\u00e9 publique, le service ou tout autre organisme qui re\u00e7oit communication de Donn\u00e9es \u00e0 caract\u00e8re personnel, qu\u2019il s\u2019agisse ou non d\u2019un Tiers.<\/p><p>Donn\u00e9es \u00e0 caract\u00e8re personnel\/Donn\u00e9es personnelles\/Donn\u00e9es\u00a0: toute information se rapportant \u00e0 une Personne concern\u00e9e notamment par r\u00e9f\u00e9rence \u00e0 un identifiant tel qu\u2019un nom, un num\u00e9ro d\u2019identification, un num\u00e9ro de carte d\u2019identit\u00e9, un salaire, des dossiers de sant\u00e9, des informations de compte bancaire, des habitudes de conduite ou de consommation, des Donn\u00e9es de localisation, un identifiant en ligne, etc. Le terme \u00ab\u00a0Donn\u00e9es\u00a0personnelles\u00a0\u00bb inclut les Donn\u00e9es \u00e0 caract\u00e8re personnel sensibles.<\/p><p>Donn\u00e9es \u00e0 caract\u00e8re personnel sensibles\/Donn\u00e9es personnelles sensibles\u00a0: d\u00e9signe les Donn\u00e9es \u00e0 caract\u00e8re personnel r\u00e9v\u00e9lant ou reposant sur :<\/p><p>l\u2019origine raciale ou ethnique, les opinions politiques, religieuses ou philosophiques\u00a0;<br \/>l\u2019appartenance \u00e0 une organisation syndicale\u00a0;<br \/>la sant\u00e9 physique ou mentale\u00a0;<br \/>l\u2019orientation sexuelle ou la vie sexuelle\u00a0;<br \/>les Donn\u00e9es g\u00e9n\u00e9tiques et biom\u00e9triques\u00a0;<br \/>des Donn\u00e9es relatives aux condamnations p\u00e9nales, aux infractions ou aux mesures de s\u00fbret\u00e9 connexes.<\/p><p>L\u00e9gislation applicable\u00a0: ensemble de r\u00e9glementation relatif \u00e0 la protection des Donn\u00e9es personnelles et applicable aux Traitements de Donn\u00e9es personnelles effectu\u00e9s par https:\/\/landeco-preproduction.fr\/colles-et-adh%C3%A9sifs.com, \u00e0 savoir le R\u00e8glement europ\u00e9en n\u00b02016\/679 relatif \u00e0 la protection des Donn\u00e9es \u00e0 caract\u00e8re personnel (RGPD), la Loi informatique et libert\u00e9s modifi\u00e9e, et toute autre r\u00e9glementation qui y serait relative, applicable \u00e0 https:\/\/landeco-preproduction.fr\/colles-et-adh%C3%A9sifs.com.<\/p><p>Personne concern\u00e9e\/Personne\u00a0: personne physique sur laquelle porte les Donn\u00e9es \u00e0 caract\u00e8re personnel et qui peut \u00eatre identifi\u00e9e ou identifiable, directement ou indirectement, gr\u00e2ce \u00e0 ces Donn\u00e9es personnelles. Cela inclut les clients, prospects, et collaborateurs anciens et actuels.<\/p><p>Responsable de traitement\u00a0: personne physique ou morale qui, individuellement ou conjointement, d\u00e9cide quelles Donn\u00e9es \u00e0 caract\u00e8re personnel sont collect\u00e9es, pourquoi et comment elles sont collect\u00e9es et trait\u00e9es.<\/p><p>RGPD\u00a0: abr\u00e9viation du R\u00e8glement europ\u00e9en n\u00b02016\/679 du 27 avril 2016 relatif \u00e0 la protection des personnes physiques \u00e0 l\u2019\u00e9gard du traitement des donn\u00e9es \u00e0 caract\u00e8re personnel et \u00e0 la libre circulation de ces donn\u00e9es.<\/p><p>Sous-traitant\u00a0: toute personne physique ou morale, l\u2019Autorit\u00e9 publique, le service ou un autre organisme qui traite des Donn\u00e9es \u00e0 caract\u00e8re personnel au nom du Responsable de Traitement et selon ses instructions (par exemple des prestataires ou fournisseurs).<\/p><p>Tiers\u00a0: toute personne physique ou morale, Autorit\u00e9 publique, agence ou tout autre organisme autre que la Personne concern\u00e9e, le Responsable du Traitement, le Sous-traitant et les personnes qui, sous l\u2019Autorit\u00e9 directe du Responsable du Traitement ou du Sous-traitant, sont habilit\u00e9es ou autoris\u00e9es \u00e0 traiter les Donn\u00e9es.<\/p><p>Traitement\u00a0: toute op\u00e9ration ou ensemble d\u2019op\u00e9rations effectu\u00e9es ou non \u00e0 l\u2019aide de proc\u00e9d\u00e9s automatis\u00e9s et appliqu\u00e9es \u00e0 des Donn\u00e9es personnelles telle que la collecte, l\u2019acc\u00e8s, l\u2019enregistrement, la copie, le Transfert, la conservation, le stockage, le croisement, la modification, la structuration, la mise \u00e0 disposition, la communication, l\u2019enregistrement, la destruction, que ce soit de mani\u00e8re automatique, semi-automatique ou autre. Cette liste n\u2019\u00e9tant pas exhaustive.<\/p><p>Transfert de Donn\u00e9es : toute communication, toute copie ou d\u00e9placement de Donn\u00e9es par l\u2019interm\u00e9diaire d\u2019un r\u00e9seau, ou toute communication, toute copie ou d\u00e9placement de ces Donn\u00e9es d\u2019un support \u00e0 un autre, quel que soit ce support, de Donn\u00e9es personnelles vers un pays Tiers \u00e0 l\u2019Union europ\u00e9enne ou \u00e0 une organisation internationale\u00a0qui font ou sont destin\u00e9es \u00e0 faire l\u2019objet d\u2019un Traitement apr\u00e8s ce Transfert.<br \/>Politique cookies<\/p><p>Table des mati\u00e8res<\/p><p>Qu\u2019est-ce qu\u2019un cookie ?<br \/>Des cookies sont-ils d\u00e9pos\u00e9s lorsque vous naviguez sur le site internet ?<br \/>Quelles sont les donn\u00e9es collect\u00e9es \u00e0 travers les cookies ?<br \/>Quelles sont les finalit\u00e9s des cookies collect\u00e9s ?<br \/>Qui d\u00e9pose les cookies sur le site internet ?<br \/>Comment g\u00e9rer votre consentement au d\u00e9p\u00f4t des cookies ?<br \/>Comment param\u00e9trer les cookies sur les navigateurs web ?<\/p><h4><strong>1. Qu\u2019est-ce qu\u2019un cookie ?<\/strong><\/h4><p>Les cookies sont des donn\u00e9es plac\u00e9es pour vos ordinateurs ou mobiles. Ils sont diff\u00e9renciables par leurs identifiants uniques, associ\u00e9s \u00e0 vos ordinateurs ou t\u00e9l\u00e9phones. Ces derniers vous permettent de ne pas avoir une mauvaise exp\u00e9rience consommateur sur vos sites internet favoris, puisqu\u2019ils se souviennent de vos actions et pr\u00e9f\u00e9rences. Ainsi, vous n\u2019avez pas besoin de renseigner vos pr\u00e9f\u00e9rences de navigation \u00e0 chaque utilisation, telle que la localisation, la police ou encore la langue.<\/p><p>Ces \u00ab\u00a0cookies\u00a0\u00bb sont stock\u00e9s en m\u00e9moire vive sur votre ordinateur. Ils ne nous permettent pas de vous identifier ; en revanche, ils enregistrent des informations relatives \u00e0 la navigation de votre ordinateur sur le site internet (les pages que vous avez consult\u00e9es, la date et l\u2019heure de la consultation, etc.) que nous pourrons lire lors de vos visites ult\u00e9rieures.<\/p><p>Pour l\u2019ensemble des Traitements de Donn\u00e9es li\u00e9s \u00e0 la collecte des cookies, la SAS Landeco immatricul\u00e9e au RCS de DAX sour le num\u00e9ro SIREN 841039928 00038, ayant son si\u00e8ge social au ZA des 2 Pins &#8211; 2 Rue de Barrasquit &#8211; 40130 Capbreton, d\u00e9termine les moyens et les finalit\u00e9s du Traitement. Ainsi, https:\/\/landeco-preproduction.fr\/colles-et-adh%C3%A9sifs.com agit en tant que Responsable de Traitement, au sens de la R\u00e9glementation relative aux Donn\u00e9es \u00e0 caract\u00e8re personnel, et notamment du R\u00e8glement (UE) 2016\/679 relatif \u00e0 la protection des personnes physiques \u00e0 l\u2019\u00e9gard du Traitement des Donn\u00e9es \u00e0 caract\u00e8re personnel et \u00e0 la libre circulation de ces Donn\u00e9es.<\/p><p>https:\/\/landeco-preproduction.fr\/colles-et-adh%C3%A9sifs.com accorde la plus grande importance et le plus grand soin \u00e0 la protection de la vie priv\u00e9e et des Donn\u00e9es \u00e0 caract\u00e8re personnel, ainsi qu\u2019au respect des dispositions de la L\u00e9gislation applicable.<\/p><p>La pr\u00e9sente politique Cookies (ci-apr\u00e8s la \u00ab\u00a0Politique\u00a0\u00bb) a pour objectif de vous fournir une information simple, claire sur la mani\u00e8re dont vos Donn\u00e9es sont collect\u00e9es \u00e0 travers les cookies d\u00e9pos\u00e9s sur le internet.<\/p><h4><strong>2. Des cookies sont-ils d\u00e9pos\u00e9s lorsque vous naviguez sur le site internet ?<\/strong><\/h4><p>Lors de votre premi\u00e8re visite sur le site internet, un bandeau vous informe de la pr\u00e9sence de ces cookies et vous invite \u00e0 indiquer votre choix. Les cookies n\u00e9cessitant votre consentement conform\u00e9ment \u00e0 la r\u00e8glementation ne sont d\u00e9pos\u00e9s que si vous les acceptez. Vous pouvez \u00e0 tout moment vous informer et param\u00e9trer les cookies pour les accepter ou les refuser en vous rendant sur la page [Gestion des cookies] pr\u00e9sente en bas de chaque page du site internet ou en configurant votre navigateur.<\/p><h4><strong>3. Quelles sont les donn\u00e9es collect\u00e9es \u00e0 travers les cookies ?<\/strong><\/h4><p>Peuvent \u00eatre collect\u00e9s, via les cookies toutes les donn\u00e9es qui se rapportent \u00e0 un terminal \u00e0 un instant donn\u00e9, notamment :<\/p><p>Un ou plusieurs identifiant(s) technique(s) permettant d\u2019identifier votre box internet\u00a0;<br \/>La date, l\u2019heure et la dur\u00e9e de connexion d\u2019un terminal \u00e0 un site internet\u00a0;<br \/>L\u2019adresse Internet de la page de provenance du terminal acc\u00e9dant au site internet ;<br \/>Le type de syst\u00e8me d\u2019exploitation du terminal (ex : Windows, MacOs, Linux, Unix, etc.) ;<br \/>Le type et la version du logiciel de navigation utilis\u00e9 par le terminal (Internet Explorer, Firefox, Safari, Chrome, Opera, etc.) ;<br \/>La marque et le mod\u00e8le du terminal mobile ou tablette ;<br \/>Les possibles erreurs de t\u00e9l\u00e9chargement ;<br \/>La langue d\u2019utilisation du logiciel de navigation utilis\u00e9 par le terminal ;<br \/>Les caract\u00e9ristiques des contenus consult\u00e9s et partag\u00e9s.<\/p><h4><strong>4. Quelles sont les finalit\u00e9s des cookies collect\u00e9s ?<\/strong><\/h4><p>Sur le site, nous pouvons d\u00e9poser diff\u00e9rents types de cookies pour plusieurs finalit\u00e9s :<\/p><p>Les cookies n\u00e9cessaires \u00e0 la personnalisation et au fonctionnement du site internet : ils vous permettent d\u2019utiliser les principales fonctionnalit\u00e9s du site et notamment d\u2019enregistrer des informations entre deux consultations du site sur un m\u00eame appareil, d\u2019enregistrer, des identifiants de connexion de session ou encore des \u00e9l\u00e9ments de personnalisation de l\u2019interface (choix de la langue ou pr\u00e9sentation). Ils ne requi\u00e8rent pas votre consentement pr\u00e9alable. Ces cookies sont indispensables au bon fonctionnement du site internet. Si vous refusez l\u2019enregistrement de ces cookies dans votre terminal ou son navigateur, ou si vous supprimez ceux qui y sont enregistr\u00e9s, vous serez est inform\u00e9 que votre navigation et votre exp\u00e9rience sur le site internet peuvent \u00eatre limit\u00e9es.<br \/>Les cookies analytiques, de statistique ou cookies de mesure d\u2019audience du site internet qui nous permettent de conna\u00eetre l\u2019utilisation et les performances d\u2019audience du site internet et d\u2019en am\u00e9liorer le fonctionnement pour nos visiteurs, par exemple, \u00e9tablir des statistiques et volumes de fr\u00e9quentation et d\u2019utilisation des divers \u00e9l\u00e9ments composant le site internet (rubriques et contenus visit\u00e9s, parcours), afin d\u2019am\u00e9liorer l\u2019int\u00e9r\u00eat et l\u2019ergonomie du site internet.<br \/>Les cookies des r\u00e9seaux sociaux d\u00e9pos\u00e9s par les r\u00e9seaux sociaux lorsque vous partagez avec d\u2019autres personnes des contenus de nos sites internet ou leur faire conna\u00eetre votre opinion sur ces contenus via un bouton applicatif. Ces cookies ne sont d\u00e9pos\u00e9s que lorsque vous y avez express\u00e9ment consenti \u00e0 travers le bandeau pr\u00e9sent\u00e9 lors de votre premi\u00e8re connexion. Nous n\u2019avons aucun contr\u00f4le sur le processus employ\u00e9 par ces r\u00e9seaux sociaux pour collecter des informations relatives \u00e0 votre navigation sur nos sites internet et associ\u00e9es ainsi qu\u2019aux Donn\u00e9es personnelles dont ils disposent. Nous vous invitons \u00e0 consulter leurs politiques de protection des donn\u00e9es afin de connaitre vos droits vis \u00e0 vis de chacun d\u2019eux, et de g\u00e9rer vos param\u00e8tres de confidentialit\u00e9.<br \/>Les Cookies dits publicitaires qui nous permettent de choisir en temps r\u00e9el quelle publicit\u00e9 afficher sur des sites internet tiers. Ces cookies ne sont d\u00e9pos\u00e9s que lorsque vous y avez express\u00e9ment consenti \u00e0 travers le bandeau pr\u00e9sent\u00e9 lors de votre premi\u00e8re connexion.<\/p><p>NOM DU COOKIE FINALIT\u00c9 DUR\u00c9E DE CONSERVATION<br \/>Cookies de fonctionnement Permettre d\u2019enregistrer des informations entre deux consultations d\u2019un m\u00eame site internet sur un m\u00eame appareil. Ils permettent d\u2019enregistrer un panier d\u2019achat, des identifiants de connexion de session ou encore des \u00e9l\u00e9ments de personnalisation de l\u2019interface (choix de la langue pu pr\u00e9sentation). Ils ne requi\u00e8rent pas de consentement de la part de l\u2019utilisateur. 6 mois<br \/>Cookies marketing Permettre de partager le contenu du site internet sur les r\u00e9seaux sociaux. 25 mois<br \/>Cookies d\u2019audience Permettre de suivre les actions d\u2019un internaute sur un site internet. Lorsque les statistiques sont anonymes (c\u2019est-\u00e0-dire ne permettent pas de retrouver une personne), le consentement de l\u2019utilisateur n\u2019est pas n\u00e9cessaire s\u2019ils remplissent des conditions sp\u00e9cifiques. 13 mois<br \/>Cookies de consentement Permettre \u00e0 l\u2019utilisateur de consentir par un acte positif clair 6 mois<\/p><h4><strong>5. Qui d\u00e9pose les cookies sur le site internet ?<\/strong><\/h4><p>Les entit\u00e9s d\u00e9posant les cookies sur le site internet sont\u00a0:<\/p><p>L\u2019\u00e9diteur du site https:\/\/landeco-preproduction.fr\/colles-et-adh%C3%A9sifs.com et les sous-traitants de https:\/\/landeco-preproduction.fr\/colles-et-adh%C3%A9sifs.com \u00e0 savoir les prestataires techniques qui traitent vos Donn\u00e9es de navigation pour le compte de https:\/\/landeco-preproduction.fr\/colles-et-adh%C3%A9sifs.com ;<\/p><p>Nos partenaires commerciaux\u00a0:<br \/>Google<\/p><h4><strong>6. Comment g\u00e9rer votre consentement au d\u00e9p\u00f4t des cookies ?<\/strong><\/h4><p>Le d\u00e9p\u00f4t d\u2019un cookie \u00e0 des fins de mesure d\u2019audience, personnalisation de contenus, r\u00e9seaux sociaux et publicit\u00e9 cibl\u00e9e n\u00e9cessite votre consentement pr\u00e9alable. Ce consentement vous est demand\u00e9 \u00e0 travers le bandeau qui s\u2019affiche lors de votre premi\u00e8re navigation sur le site internet. Vous pouvez choisir de d\u2019accepter le d\u00e9p\u00f4t des cookies pour toutes les finalit\u00e9s list\u00e9es, les refuser ou personnaliser votre choix. Vous pouvez \u00e0 tout moment retirer votre consentement en vous rendant sur la page [Gestion des cookies] pr\u00e9sente en bas de chaque page du site internet.<\/p><h4><strong>7. Comment param\u00e9trer les cookies sur les navigateurs web ?<\/strong><\/h4><p>Vous avez le choix de configurer votre navigateur pour accepter ou refuser tous les cookies, supprimer les cookies p\u00e9riodiquement ou encore de voir quand un cookie est \u00e9mis, sa dur\u00e9e de validit\u00e9, et son contenu, et refuser son enregistrement sur votre disque dur.<\/p><p>Vous pouvez \u00e0 tout moment choisir de bloquer ou d\u00e9sactiver ces cookies en param\u00e9trant le navigateur internet de votre ordinateur, votre tablette ou votre mobile, conform\u00e9ment aux instructions \u00e9tablies par votre fournisseur de navigateur internet et figurant sur les sites internet mentionn\u00e9s ci-dessous :<\/p><p>Sur Internet explorer<br \/>Ouvrez le menu \u00ab\u00a0Outils\u00a0\u00bb, puis s\u00e9lectionnez \u00ab\u00a0Options internet\u00a0\u00bb ; cliquez sur l\u2019onglet \u00ab\u00a0Confidentialit\u00e9\u00a0\u00bb puis l\u2019onglet \u00ab\u00a0Avanc\u00e9\u00a0\u00bb choisissez le niveau souhait\u00e9 ou suivez ce lien:<br \/>https:\/\/support.microsoft.com\/fr-fr\/help\/17442\/windows-internet-explorer-delete-manage-cookies<\/p><p>Sur Microsoft Edge\u00a0:<br \/>Ouvrez le menu \u00ab\u00a0Outils\u00a0\u00bb, puis s\u00e9lectionnez \u00ab\u00a0Options internet\u00a0\u00bb ; cliquez sur l\u2019onglet \u00ab\u00a0Confidentialit\u00e9\u00a0\u00bb puis l\u2019onglet \u00ab\u00a0Avanc\u00e9\u00a0\u00bb choisissez le niveau souhait\u00e9 ou suivez ce lien:<br \/>https:\/\/support.microsoft.com\/fr-fr\/help\/4027947\/microsoft-edge-delete-cookies<\/p><p>Sur Mozilla Firefox<br \/>Ouvrez le menu \u00ab\u00a0Outils\u00a0\u00bb, puis s\u00e9lectionnez \u00ab\u00a0Options\u00a0\u00bb ; cliquez sur l\u2019onglet \u00ab\u00a0Vie priv\u00e9e\u00a0\u00bb puis choisissez les options souhait\u00e9es ou suivez ce lien\u00a0:<br \/>https:\/\/support.mozilla.org\/fr\/products\/firefox\/protect-your-privacy\/cookies<\/p><p>Sur Safari Mac\/Iphone\/Ipad<br \/>Choisissez \u00ab\u00a0Safari &gt; Pr\u00e9f\u00e9rences\u00a0\u00bb puis cliquez sur \u00ab\u00a0S\u00e9curit\u00e9\u00a0\u00bb ; Dans la section \u00ab\u00a0Accepter les cookies\u00a0\u00bb choisissez les options souhait\u00e9es ou suivez ce lien\u00a0:<br \/>https:\/\/support.apple.com\/fr-fr\/HT201265 ou<br \/>https:\/\/support.apple.com\/fr-fr\/guide\/safari\/sfri11471\/mac<\/p><p>Sur Google Chrome<br \/>Ouvrez le menu de configuration (logo cl\u00e9 \u00e0 molette), puis s\u00e9lectionnez \u00ab\u00a0Options\u00a0\u00bb ; cliquez sur \u00ab\u00a0Options avanc\u00e9es\u00a0\u00bb puis dans la section \u00ab\u00a0Confidentialit\u00e9\u00a0\u00bb, cliquez sur \u00ab\u00a0Param\u00e8tres de contenu\u00a0\u00bb, et choisissez les options souhait\u00e9es ou suivez le lien suivant\u00a0:<br \/>https:\/\/support.google.com\/chrome\/answer\/95647?hl=fr<\/p><p>Sur iOs<br \/>https:\/\/support.apple.com\/fr-fr\/guide\/safari\/sfri11471\/mac<\/p><p>Vous pouvez \u00e9galement taper \u00ab\u00a0cookies\u00a0\u00bb dans la rubrique \u00ab\u00a0aide\u00a0\u00bb de votre navigateur afin d\u2019acc\u00e9der aux instructions de param\u00e9trage.<\/p><p>Pour plus de pr\u00e9cisions, vous pouvez \u00e9galement consulter le site internet de la CNIL\u00a0:<br \/>https:\/\/www.cnil.fr\/cnil-direct\/question\/198<\/p>\t\t\t\t\t\t\t\t<\/div>\n\t\t\t\t\t<\/div>\n\t\t\t\t<\/div>\n\t\t\t\t<\/div>\n\t\t","protected":false},"excerpt":{"rendered":"<p>Protection des donn\u00e9es personnelles I \u2013 Objectifs et champ d\u2019application Les termes commen\u00e7ant par une majuscule utilis\u00e9s dans la pr\u00e9sente<\/p>\n","protected":false},"author":1,"featured_media":0,"parent":0,"menu_order":0,"comment_status":"closed","ping_status":"closed","template":"","meta":{"_acf_changed":false,"footnotes":""},"class_list":["post-6889","page","type-page","status-publish","hentry"],"acf":[],"_links":{"self":[{"href":"https:\/\/landeco-preproduction.fr\/colles-et-adh%C3%A9sifs.com\/wp-json\/wp\/v2\/pages\/6889","targetHints":{"allow":["GET"]}}],"collection":[{"href":"https:\/\/landeco-preproduction.fr\/colles-et-adh%C3%A9sifs.com\/wp-json\/wp\/v2\/pages"}],"about":[{"href":"https:\/\/landeco-preproduction.fr\/colles-et-adh%C3%A9sifs.com\/wp-json\/wp\/v2\/types\/page"}],"author":[{"embeddable":true,"href":"https:\/\/landeco-preproduction.fr\/colles-et-adh%C3%A9sifs.com\/wp-json\/wp\/v2\/users\/1"}],"replies":[{"embeddable":true,"href":"https:\/\/landeco-preproduction.fr\/colles-et-adh%C3%A9sifs.com\/wp-json\/wp\/v2\/comments?post=6889"}],"version-history":[{"count":0,"href":"https:\/\/landeco-preproduction.fr\/colles-et-adh%C3%A9sifs.com\/wp-json\/wp\/v2\/pages\/6889\/revisions"}],"wp:attachment":[{"href":"https:\/\/landeco-preproduction.fr\/colles-et-adh%C3%A9sifs.com\/wp-json\/wp\/v2\/media?parent=6889"}],"curies":[{"name":"wp","href":"https:\/\/api.w.org\/{rel}","templated":true}]}}